{"id":3407,"date":"2026-08-10T22:55:46","date_gmt":"2026-08-10T20:55:46","guid":{"rendered":"https:\/\/ld-nrw.de\/?page_id=3407"},"modified":"2026-08-21T18:22:17","modified_gmt":"2026-08-21T16:22:17","slug":"minden-luebbecke","status":"publish","type":"page","link":"https:\/\/ld-nrw.de\/en\/minden-luebbecke\/","title":{"rendered":"Minden-L\u00fcbbecke"},"content":{"rendered":"<div class=\"wp-block-columns is-layout-flex wp-container-core-columns-is-layout-995f960e wp-block-columns-is-layout-flex\">\n<div class=\"wp-block-column is-layout-flow wp-block-column-is-layout-flow\" style=\"flex-basis:50%\">\n<div class=\"wp-block-group is-layout-constrained wp-block-group-is-layout-constrained\">\n<div class=\"wp-block-group is-layout-constrained wp-block-group-is-layout-constrained\">\n<h2 class=\"wp-block-heading\">LIBERALE DEMOKRATEN MINDEN-L\u00dcBBECKE<\/h2>\n<\/div>\n<\/div>\n\n\n\n<p class=\"wp-block-paragraph\">In Minden-L\u00fcbbecke sind die Liberalen Demokraten noch nicht lange aktiv. Wir wollen die Politik im Kreis Minden-L\u00fcbbecke neu gestalten und uns f\u00fcr Freiheitsthemen stark machen.<\/p>\n\n\n\n<p class=\"wp-block-paragraph\"><br><strong>In the <a href=\"https:\/\/ld-nrw.de\/en\/landtagswahl-2027\/\">State Election 2027<\/a> kandidiert unser Kommunalpolitischer Sprecher Niklas \u00d6wermann f\u00fcr uns im Landtagswahlbezirk 88 Minden-L\u00fcbbecke I.<\/strong><\/p>\n\n\n\n<p class=\"wp-block-paragraph\"><br>On this page, you will learn everything you need to know about our values, content, and goals!<\/p>\n<\/div>\n\n\n\n<div class=\"wp-block-column is-layout-flow wp-block-column-is-layout-flow\" style=\"flex-basis:50%\">\n<figure class=\"wp-block-image size-large has-custom-border\"><img loading=\"lazy\" decoding=\"async\" width=\"1024\" height=\"683\" src=\"https:\/\/ld-nrw.de\/wp-content\/uploads\/2026\/08\/minden_luebbecke_thema-1024x683.jpg\" alt=\"\" class=\"wp-image-3432\" style=\"border-top-left-radius:10px;border-top-right-radius:10px;border-bottom-left-radius:10px;border-bottom-right-radius:10px\" srcset=\"https:\/\/ld-nrw.de\/wp-content\/uploads\/2026\/08\/minden_luebbecke_thema-1024x683.jpg 1024w, https:\/\/ld-nrw.de\/wp-content\/uploads\/2026\/08\/minden_luebbecke_thema-300x200.jpg 300w, https:\/\/ld-nrw.de\/wp-content\/uploads\/2026\/08\/minden_luebbecke_thema-768x512.jpg 768w, https:\/\/ld-nrw.de\/wp-content\/uploads\/2026\/08\/minden_luebbecke_thema-18x12.jpg 18w, https:\/\/ld-nrw.de\/wp-content\/uploads\/2026\/08\/minden_luebbecke_thema.jpg 1200w\" sizes=\"auto, (max-width: 1024px) 100vw, 1024px\" \/><\/figure>\n<\/div>\n<\/div>\n\n\n\n<h2 class=\"wp-block-heading\">Unsere wichtigsten Themen f\u00fcr Minden-L\u00fcbbecke<\/h2>\n\n\n\n<div class=\"wp-block-columns is-layout-flex wp-container-core-columns-is-layout-995f960e wp-block-columns-is-layout-flex\">\n<div class=\"wp-block-column is-layout-flow wp-block-column-is-layout-flow\">\n<h3 class=\"wp-block-heading\">Innenstadt<\/h3>\n\n\n\n<figure class=\"wp-block-image size-large has-custom-border\"><img loading=\"lazy\" decoding=\"async\" width=\"1024\" height=\"683\" src=\"https:\/\/ld-nrw.de\/wp-content\/uploads\/2026\/08\/4096-2731-max-1-1024x683.jpg\" alt=\"\" class=\"wp-image-3449\" style=\"border-top-left-radius:10px;border-top-right-radius:10px;border-bottom-left-radius:10px;border-bottom-right-radius:10px\" srcset=\"https:\/\/ld-nrw.de\/wp-content\/uploads\/2026\/08\/4096-2731-max-1-1024x683.jpg 1024w, https:\/\/ld-nrw.de\/wp-content\/uploads\/2026\/08\/4096-2731-max-1-300x200.jpg 300w, https:\/\/ld-nrw.de\/wp-content\/uploads\/2026\/08\/4096-2731-max-1-768x512.jpg 768w, https:\/\/ld-nrw.de\/wp-content\/uploads\/2026\/08\/4096-2731-max-1-18x12.jpg 18w, https:\/\/ld-nrw.de\/wp-content\/uploads\/2026\/08\/4096-2731-max-1.jpg 1200w\" sizes=\"auto, (max-width: 1024px) 100vw, 1024px\" \/><\/figure>\n\n\n\n<p class=\"wp-block-paragraph\">Sowohl in Minden als auch in L\u00fcbbecke kann man in den Innenst\u00e4dten Leerstand finden. Damit diese R\u00e4umlichkeiten nicht weiter zerfallen und unbrauchbar werden, setzen wir uns daf\u00fcr ein das die Geb\u00e4ude entweder f\u00fcr neuen Wohnraum nutzbar gemacht werden oder zu sogenannten \u201eDritten-Orten\u201c umgebaut werden, wo die Einwohner_innen selbst mitgestalten k\u00f6nnen, wie diese Aussehen sollen. Dadurch bekommen die Innenst\u00e4dte neues Leben und es gibt neue Begegnungsst\u00e4tten.<\/p>\n<\/div>\n\n\n\n<div class=\"wp-block-column is-layout-flow wp-block-column-is-layout-flow\">\n<h3 class=\"wp-block-heading\">\u00d6PNV<\/h3>\n\n\n\n<figure class=\"wp-block-image size-large has-custom-border\"><img loading=\"lazy\" decoding=\"async\" width=\"1024\" height=\"684\" src=\"https:\/\/ld-nrw.de\/wp-content\/uploads\/2024\/06\/roman-kraft-M0n-hwbXJ-k-unsplash-1024x684.jpg\" alt=\"\" class=\"wp-image-2696\" style=\"border-top-left-radius:10px;border-top-right-radius:10px;border-bottom-left-radius:10px;border-bottom-right-radius:10px;aspect-ratio:3\/2;object-fit:cover\" srcset=\"https:\/\/ld-nrw.de\/wp-content\/uploads\/2024\/06\/roman-kraft-M0n-hwbXJ-k-unsplash-1024x684.jpg 1024w, https:\/\/ld-nrw.de\/wp-content\/uploads\/2024\/06\/roman-kraft-M0n-hwbXJ-k-unsplash-300x200.jpg 300w, https:\/\/ld-nrw.de\/wp-content\/uploads\/2024\/06\/roman-kraft-M0n-hwbXJ-k-unsplash-768x513.jpg 768w, https:\/\/ld-nrw.de\/wp-content\/uploads\/2024\/06\/roman-kraft-M0n-hwbXJ-k-unsplash-1536x1025.jpg 1536w, https:\/\/ld-nrw.de\/wp-content\/uploads\/2024\/06\/roman-kraft-M0n-hwbXJ-k-unsplash-2048x1367.jpg 2048w, https:\/\/ld-nrw.de\/wp-content\/uploads\/2024\/06\/roman-kraft-M0n-hwbXJ-k-unsplash-18x12.jpg 18w\" sizes=\"auto, (max-width: 1024px) 100vw, 1024px\" \/><\/figure>\n\n\n\n<p class=\"wp-block-paragraph\">Wir wollen uns daf\u00fcr einsetzen, dass die Zug und Bus-Taktung an allen Wochentagen gleich ist und auch in Pr. Oldendorf unter der Woche ab 6:00 Uhr ein Bus nach L\u00fcbbecke f\u00e4hrt. Des Weiteren setzen wir uns f\u00fcr eine Direktverbindung zwischen L\u00fcbbecke und Osnabr\u00fcck sowie von Rahden nach Bremen ein.<br>Da im \u00f6ffentlichen Personennahverkehr allerdings auch Personal fehlt, soll es auch zus\u00e4tzlich eine autonome Stadt- bzw. Kreisbahnen geben, welche au\u00dferhalb des normalen Individualverkehrs liegt.<\/p>\n<\/div>\n\n\n\n<div class=\"wp-block-column is-layout-flow wp-block-column-is-layout-flow\">\n<h3 class=\"wp-block-heading\">Klimaschutz<\/h3>\n\n\n\n<figure class=\"wp-block-image size-large has-custom-border\"><img loading=\"lazy\" decoding=\"async\" width=\"1024\" height=\"768\" src=\"https:\/\/ld-nrw.de\/wp-content\/uploads\/2026\/07\/IMG_3786-1024x768.png\" alt=\"\" class=\"wp-image-3390\" style=\"border-top-left-radius:10px;border-top-right-radius:10px;border-bottom-left-radius:10px;border-bottom-right-radius:10px;aspect-ratio:3\/2;object-fit:cover\" srcset=\"https:\/\/ld-nrw.de\/wp-content\/uploads\/2026\/07\/IMG_3786-1024x768.png 1024w, https:\/\/ld-nrw.de\/wp-content\/uploads\/2026\/07\/IMG_3786-300x225.png 300w, https:\/\/ld-nrw.de\/wp-content\/uploads\/2026\/07\/IMG_3786-768x576.png 768w, https:\/\/ld-nrw.de\/wp-content\/uploads\/2026\/07\/IMG_3786-16x12.png 16w, https:\/\/ld-nrw.de\/wp-content\/uploads\/2026\/07\/IMG_3786.png 1200w\" sizes=\"auto, (max-width: 1024px) 100vw, 1024px\" \/><\/figure>\n\n\n\n<p class=\"wp-block-paragraph\">Wir wollen uns f\u00fcr die Aufforstung des Wiehengebirges als Mischwald einsetzen, da so zum einen die Biodiversit\u00e4t verbessert und erhalten wird, aber auch Sch\u00e4den in den W\u00e4ldern k\u00f6nnen so verringert werden.<br>Die St\u00e4dte sollen bei Entsiegelung und Renaturierung weiter vorangebracht werden. Durch mehr Gr\u00fcnanlagen wird die Temperatur der Innenst\u00e4dte gesenkt und es gibt mehr Schattenpl\u00e4tze.<\/p>\n<\/div>\n<\/div>\n\n\n\n<p class=\"wp-block-paragraph\"><\/p>\n\n\n\n<div class=\"wp-block-buttons is-content-justification-center is-layout-flex wp-container-core-buttons-is-layout-9d2ce475 wp-block-buttons-is-layout-flex\">\n<div class=\"wp-block-button\"><a class=\"wp-block-button__link wp-element-button\" href=\"https:\/\/ld-nrw.de\/en\/aktuelles\/beschluss\/klar-kann-nrw-das-forderungskatalog-zur-ltw-nrw-2027\/\">Landesweite Positionen<\/a><\/div>\n<\/div>\n\n\n\n<p class=\"wp-block-paragraph\"><\/p>\n\n\n\n<h2 class=\"wp-block-heading\">This is who we are<\/h2>\n\n\n\n<div class=\"wp-block-columns is-layout-flex wp-container-core-columns-is-layout-995f960e wp-block-columns-is-layout-flex\">\n<div class=\"wp-block-column is-layout-flow wp-block-column-is-layout-flow\" style=\"flex-basis:66.66%\">\n<p class=\"wp-block-paragraph\"><strong>We are a liberal party. This means that we act sustainably, fight poverty, create opportunities for upward mobility and secure prosperity and civil rights.<\/strong><br><br>Sozialliberalismus ist die Idee, die alle unsere Mitglieder in Minden-L\u00fcbbecke dazu bewegt hat, sich politisch zu engagieren. Wir wollen Politik, die dem Grundgedanken der Achtung der pers\u00f6nlichen Freiheit folgt, in den Kreis Minden-L\u00fcbbecke bringen.<\/p>\n<\/div>\n\n\n\n<div class=\"wp-block-column is-layout-flow wp-block-column-is-layout-flow\" style=\"flex-basis:33.33%\"><div class=\"ct-block-wrapper\">\n\n<div class=\"ct-about-me-block\" data-alignment=\"center\" style=\"--background-color:rgba(218, 222, 228, 0.5);--background-hover-color:rgba(218, 222, 228, 0.7);\">\n\t<figure class=\"ct-media-container\" data-size=\"medium\" data-shape=\"rounded\"><img decoding=\"async\" width=\"293\" height=\"300\" src=\"https:\/\/ld-nrw.de\/wp-content\/uploads\/2026\/08\/niklasowermann_thema-e1787329325705-293x300.jpg\" class=\"attachment-medium size-medium\" alt=\"\" loading=\"lazy\" srcset=\"https:\/\/ld-nrw.de\/wp-content\/uploads\/2026\/08\/niklasowermann_thema-e1787329325705-293x300.jpg 293w, https:\/\/ld-nrw.de\/wp-content\/uploads\/2026\/08\/niklasowermann_thema-e1787329325705-12x12.jpg 12w, https:\/\/ld-nrw.de\/wp-content\/uploads\/2026\/08\/niklasowermann_thema-e1787329325705.jpg 422w\" sizes=\"auto, (max-width: 293px) 100vw, 293px\" itemprop=\"image\" style=\"aspect-ratio: 1\/1;\" \/><\/figure>\n\t<div class=\"ct-about-me-name\">\n\t\t<span>Niklas \u00d6wermann<\/span>\n\n\t\t\t<\/div>\n\n\t<div class=\"ct-about-me-text\">Local political spokesperson<\/div>\n\n\t\n\t\t<div class=\"ct-social-box\" data-color=\"default\" data-icon-size=\"small\" data-icons-type=\"rounded:outline\" >\n\t\t\t\n\t\t\t\n\t\t\t\t\t\t\t\n\t\t\t\t<a href=\"https:\/\/www.instagram.com\/niklasoewermann\/\" data-network=\"instagram\" aria-label=\"Instagram\">\n\t\t\t\t\t<span class=\"ct-icon-container\">\n\t\t\t\t\t<svg\n\t\t\t\t\twidth=\"20\"\n\t\t\t\t\theight=\"20\"\n\t\t\t\t\tviewbox=\"0 0 20 20\"\n\t\t\t\t\taria-hidden=\"true\">\n\t\t\t\t\t\t<circle cx=\"10\" cy=\"10\" r=\"3.3\"\/>\n\t\t\t\t\t\t<path d=\"M14.2,0H5.8C2.6,0,0,2.6,0,5.8v8.3C0,17.4,2.6,20,5.8,20h8.3c3.2,0,5.8-2.6,5.8-5.8V5.8C20,2.6,17.4,0,14.2,0zM10,15c-2.8,0-5-2.2-5-5s2.2-5,5-5s5,2.2,5,5S12.8,15,10,15z M15.8,5C15.4,5,15,4.6,15,4.2s0.4-0.8,0.8-0.8s0.8,0.4,0.8,0.8S16.3,5,15.8,5z\"\/>\n\t\t\t\t\t<\/svg>\n\t\t\t\t<\/span>\t\t\t\t<\/a>\n\t\t\t\t\t\t\t\n\t\t\t\t<a href=\"mailto:niklas.oewermann@liberale-demokraten.de\" data-network=\"email\" aria-label=\"Email\">\n\t\t\t\t\t<span class=\"ct-icon-container\">\n\t\t\t\t\t<svg\n\t\t\t\t\twidth=\"20\"\n\t\t\t\t\theight=\"20\"\n\t\t\t\t\tviewbox=\"0 0 20 20\"\n\t\t\t\t\taria-hidden=\"true\">\n\t\t\t\t\t\t<path d=\"M10,10.1L0,4.7C0.1,3.2,1.4,2,3,2h14c1.6,0,2.9,1.2,3,2.8L10,10.1z M10,11.8c-0.1,0-0.2,0-0.4-0.1L0,6.4V15c0,1.7,1.3,3,3,3h4.9h4.3H17c1.7,0,3-1.3,3-3V6.4l-9.6,5.2C10.2,11.7,10.1,11.7,10,11.8z\"\/>\n\t\t\t\t\t<\/svg>\n\t\t\t\t<\/span>\t\t\t\t<\/a>\n\t\t\t\n\t\t\t\n\t\t\t\t\t<\/div>\n\n\t<\/div>\n\n<\/div><\/div>\n<\/div>\n\n\n\n<p class=\"wp-block-paragraph\"><\/p>\n\n\n\n<h2 class=\"wp-block-heading\">How you can participate<\/h2>\n\n\n\n<p class=\"wp-block-paragraph\">In order to make a difference in politics, more people must finally get involved in politics. New ideas need many strong voices to develop them further, publicise them and defend them in the political debate. That's why we need people like you to become members of our party. <\/p>\n\n\n\n<ul class=\"wp-block-list\">\n<li>Come to all our events and <strong>share your opinion<\/strong><\/li>\n\n\n\n<li>Help create <strong>new policy <\/strong>papers<\/li>\n\n\n\n<li>Advance proposals and campaigns together with us in order to <strong>den Kreis Minden-L\u00fcbbecke zu ver\u00e4ndern<\/strong><\/li>\n\n\n\n<li>Be a <strong>candidate yourself<\/strong><\/li>\n\n\n\n<li>Learn <strong>lots of new things,<\/strong> for example, how good social media work works<\/li>\n\n\n\n<li>Learn from other members about their speciality topics &amp; teach them about yours<\/li>\n<\/ul>\n\n\n\n<div class=\"wp-block-buttons is-layout-flex wp-block-buttons-is-layout-flex\">\n<div class=\"wp-block-button\"><a class=\"wp-block-button__link wp-element-button\" href=\"https:\/\/on.campflow.de\/liberale-demokraten\/mitgliedsantrag\">Join now!<\/a><\/div>\n<\/div>\n\n\n\n<p class=\"wp-block-paragraph\"><strong>By the way:<\/strong> If you're not quite sure whether you're ready to become a member, you can also simply register <a href=\"https:\/\/form.campai.com\/rMCdo19mFN2u\">as a supporter<\/a>. If you do, we'll keep you up to date on everything that's happening with us and you'll already have the opportunity to come to events and work with us.<\/p>","protected":false},"excerpt":{"rendered":"<p>LIBERALE DEMOKRATEN MINDEN-L\u00dcBBECKE In Minden-L\u00fcbbecke sind die Liberalen Demokraten noch nicht lange aktiv. Wir wollen die Politik im Kreis Minden-L\u00fcbbecke neu gestalten und uns f\u00fcr Freiheitsthemen stark machen. Bei der Landtagswahl 2027 kandidiert unser Kommunalpolitischer Sprecher Niklas \u00d6wermann f\u00fcr uns im Landtagswahlbezirk 88 Minden-L\u00fcbbecke I. Auf dieser Seite erf\u00e4hrst du alles, was du \u00fcber unsere [&hellip;]<\/p>\n","protected":false},"author":10,"featured_media":0,"parent":0,"menu_order":0,"comment_status":"closed","ping_status":"closed","template":"","meta":{"_acf_changed":false,"footnotes":""},"class_list":["post-3407","page","type-page","status-publish","hentry"],"blocksy_meta":{"styles_descriptor":{"styles":{"desktop":"","tablet":"","mobile":""},"google_fonts":[],"version":7}},"acf":[],"yoast_head":"<!-- This site is optimized with the Yoast SEO plugin v28.3 - https:\/\/yoast.com\/product\/yoast-seo-wordpress\/ -->\n<title>Minden-L\u00fcbbecke - Liberale Demokraten NRW<\/title>\n<meta name=\"robots\" content=\"index, follow, max-snippet:-1, max-image-preview:large, max-video-preview:-1\" \/>\n<link rel=\"canonical\" href=\"https:\/\/ld-nrw.de\/en\/minden-luebbecke\/\" \/>\n<meta property=\"og:locale\" content=\"en_GB\" \/>\n<meta property=\"og:type\" content=\"article\" \/>\n<meta property=\"og:title\" content=\"Minden-L\u00fcbbecke - Liberale Demokraten NRW\" \/>\n<meta property=\"og:description\" content=\"LIBERALE DEMOKRATEN MINDEN-L\u00dcBBECKE In Minden-L\u00fcbbecke sind die Liberalen Demokraten noch nicht lange aktiv. Wir wollen die Politik im Kreis Minden-L\u00fcbbecke neu gestalten und uns f\u00fcr Freiheitsthemen stark machen. Bei der Landtagswahl 2027 kandidiert unser Kommunalpolitischer Sprecher Niklas \u00d6wermann f\u00fcr uns im Landtagswahlbezirk 88 Minden-L\u00fcbbecke I. Auf dieser Seite erf\u00e4hrst du alles, was du \u00fcber unsere [&hellip;]\" \/>\n<meta property=\"og:url\" content=\"https:\/\/ld-nrw.de\/en\/minden-luebbecke\/\" \/>\n<meta property=\"og:site_name\" content=\"Liberale Demokraten NRW\" \/>\n<meta property=\"article:publisher\" content=\"https:\/\/www.facebook.com\/ldnrw\" \/>\n<meta property=\"article:modified_time\" content=\"2026-08-21T16:22:17+00:00\" \/>\n<meta property=\"og:image\" content=\"https:\/\/ld-nrw.de\/wp-content\/uploads\/2026\/08\/minden_luebbecke_thema.jpg\" \/>\n\t<meta property=\"og:image:width\" content=\"1200\" \/>\n\t<meta property=\"og:image:height\" content=\"800\" \/>\n\t<meta property=\"og:image:type\" content=\"image\/jpeg\" \/>\n<meta name=\"twitter:card\" content=\"summary_large_image\" \/>\n<meta name=\"twitter:site\" content=\"@ld_nrw\" \/>\n<meta name=\"twitter:label1\" content=\"Estimated reading time\" \/>\n\t<meta name=\"twitter:data1\" content=\"3 minutes\" \/>\n<script type=\"application\/ld+json\" class=\"yoast-schema-graph\">{\"@context\":\"https:\\\/\\\/schema.org\",\"@graph\":[{\"@type\":\"WebPage\",\"@id\":\"https:\\\/\\\/ld-nrw.de\\\/minden-luebbecke\\\/\",\"url\":\"https:\\\/\\\/ld-nrw.de\\\/minden-luebbecke\\\/\",\"name\":\"Minden-L\u00fcbbecke - Liberale Demokraten NRW\",\"isPartOf\":{\"@id\":\"https:\\\/\\\/ld-nrw.de\\\/#website\"},\"primaryImageOfPage\":{\"@id\":\"https:\\\/\\\/ld-nrw.de\\\/minden-luebbecke\\\/#primaryimage\"},\"image\":{\"@id\":\"https:\\\/\\\/ld-nrw.de\\\/minden-luebbecke\\\/#primaryimage\"},\"thumbnailUrl\":\"https:\\\/\\\/ld-nrw.de\\\/wp-content\\\/uploads\\\/2026\\\/08\\\/minden_luebbecke_thema-1024x683.jpg\",\"datePublished\":\"2026-08-10T20:55:46+00:00\",\"dateModified\":\"2026-08-21T16:22:17+00:00\",\"breadcrumb\":{\"@id\":\"https:\\\/\\\/ld-nrw.de\\\/minden-luebbecke\\\/#breadcrumb\"},\"inLanguage\":\"en-GB\",\"potentialAction\":[{\"@type\":\"ReadAction\",\"target\":[\"https:\\\/\\\/ld-nrw.de\\\/minden-luebbecke\\\/\"]}]},{\"@type\":\"ImageObject\",\"inLanguage\":\"en-GB\",\"@id\":\"https:\\\/\\\/ld-nrw.de\\\/minden-luebbecke\\\/#primaryimage\",\"url\":\"https:\\\/\\\/ld-nrw.de\\\/wp-content\\\/uploads\\\/2026\\\/08\\\/minden_luebbecke_thema-1024x683.jpg\",\"contentUrl\":\"https:\\\/\\\/ld-nrw.de\\\/wp-content\\\/uploads\\\/2026\\\/08\\\/minden_luebbecke_thema-1024x683.jpg\"},{\"@type\":\"BreadcrumbList\",\"@id\":\"https:\\\/\\\/ld-nrw.de\\\/minden-luebbecke\\\/#breadcrumb\",\"itemListElement\":[{\"@type\":\"ListItem\",\"position\":1,\"name\":\"Startseite\",\"item\":\"https:\\\/\\\/ld-nrw.de\\\/\"},{\"@type\":\"ListItem\",\"position\":2,\"name\":\"Minden-L\u00fcbbecke\"}]},{\"@type\":\"WebSite\",\"@id\":\"https:\\\/\\\/ld-nrw.de\\\/#website\",\"url\":\"https:\\\/\\\/ld-nrw.de\\\/\",\"name\":\"Liberale Demokraten NRW\",\"description\":\"\",\"publisher\":{\"@id\":\"https:\\\/\\\/ld-nrw.de\\\/#organization\"},\"potentialAction\":[{\"@type\":\"SearchAction\",\"target\":{\"@type\":\"EntryPoint\",\"urlTemplate\":\"https:\\\/\\\/ld-nrw.de\\\/?s={search_term_string}\"},\"query-input\":{\"@type\":\"PropertyValueSpecification\",\"valueRequired\":true,\"valueName\":\"search_term_string\"}}],\"inLanguage\":\"en-GB\"},{\"@type\":\"Organization\",\"@id\":\"https:\\\/\\\/ld-nrw.de\\\/#organization\",\"name\":\"Liberale Demokraten NRW\",\"url\":\"https:\\\/\\\/ld-nrw.de\\\/\",\"logo\":{\"@type\":\"ImageObject\",\"inLanguage\":\"en-GB\",\"@id\":\"https:\\\/\\\/ld-nrw.de\\\/#\\\/schema\\\/logo\\\/image\\\/\",\"url\":\"https:\\\/\\\/ld-nrw.de\\\/wp-content\\\/uploads\\\/2023\\\/07\\\/ld_nrw.svg\",\"contentUrl\":\"https:\\\/\\\/ld-nrw.de\\\/wp-content\\\/uploads\\\/2023\\\/07\\\/ld_nrw.svg\",\"width\":1595,\"height\":776,\"caption\":\"Liberale Demokraten NRW\"},\"image\":{\"@id\":\"https:\\\/\\\/ld-nrw.de\\\/#\\\/schema\\\/logo\\\/image\\\/\"},\"sameAs\":[\"https:\\\/\\\/www.facebook.com\\\/ldnrw\",\"https:\\\/\\\/x.com\\\/ld_nrw\",\"https:\\\/\\\/www.instagram.com\\\/ld_nrw\\\/\"]}]}<\/script>\n<!-- \/ Yoast SEO plugin. -->","yoast_head_json":{"title":"Minden-L\u00fcbbecke - Liberale Demokraten NRW","robots":{"index":"index","follow":"follow","max-snippet":"max-snippet:-1","max-image-preview":"max-image-preview:large","max-video-preview":"max-video-preview:-1"},"canonical":"https:\/\/ld-nrw.de\/en\/minden-luebbecke\/","og_locale":"en_GB","og_type":"article","og_title":"Minden-L\u00fcbbecke - Liberale Demokraten NRW","og_description":"LIBERALE DEMOKRATEN MINDEN-L\u00dcBBECKE In Minden-L\u00fcbbecke sind die Liberalen Demokraten noch nicht lange aktiv. Wir wollen die Politik im Kreis Minden-L\u00fcbbecke neu gestalten und uns f\u00fcr Freiheitsthemen stark machen. Bei der Landtagswahl 2027 kandidiert unser Kommunalpolitischer Sprecher Niklas \u00d6wermann f\u00fcr uns im Landtagswahlbezirk 88 Minden-L\u00fcbbecke I. Auf dieser Seite erf\u00e4hrst du alles, was du \u00fcber unsere [&hellip;]","og_url":"https:\/\/ld-nrw.de\/en\/minden-luebbecke\/","og_site_name":"Liberale Demokraten NRW","article_publisher":"https:\/\/www.facebook.com\/ldnrw","article_modified_time":"2026-08-21T16:22:17+00:00","og_image":[{"width":1200,"height":800,"url":"https:\/\/ld-nrw.de\/wp-content\/uploads\/2026\/08\/minden_luebbecke_thema.jpg","type":"image\/jpeg"}],"twitter_card":"summary_large_image","twitter_site":"@ld_nrw","twitter_misc":{"Estimated reading time":"3 minutes"},"schema":{"@context":"https:\/\/schema.org","@graph":[{"@type":"WebPage","@id":"https:\/\/ld-nrw.de\/minden-luebbecke\/","url":"https:\/\/ld-nrw.de\/minden-luebbecke\/","name":"Minden-L\u00fcbbecke - Liberale Demokraten NRW","isPartOf":{"@id":"https:\/\/ld-nrw.de\/#website"},"primaryImageOfPage":{"@id":"https:\/\/ld-nrw.de\/minden-luebbecke\/#primaryimage"},"image":{"@id":"https:\/\/ld-nrw.de\/minden-luebbecke\/#primaryimage"},"thumbnailUrl":"https:\/\/ld-nrw.de\/wp-content\/uploads\/2026\/08\/minden_luebbecke_thema-1024x683.jpg","datePublished":"2026-08-10T20:55:46+00:00","dateModified":"2026-08-21T16:22:17+00:00","breadcrumb":{"@id":"https:\/\/ld-nrw.de\/minden-luebbecke\/#breadcrumb"},"inLanguage":"en-GB","potentialAction":[{"@type":"ReadAction","target":["https:\/\/ld-nrw.de\/minden-luebbecke\/"]}]},{"@type":"ImageObject","inLanguage":"en-GB","@id":"https:\/\/ld-nrw.de\/minden-luebbecke\/#primaryimage","url":"https:\/\/ld-nrw.de\/wp-content\/uploads\/2026\/08\/minden_luebbecke_thema-1024x683.jpg","contentUrl":"https:\/\/ld-nrw.de\/wp-content\/uploads\/2026\/08\/minden_luebbecke_thema-1024x683.jpg"},{"@type":"BreadcrumbList","@id":"https:\/\/ld-nrw.de\/minden-luebbecke\/#breadcrumb","itemListElement":[{"@type":"ListItem","position":1,"name":"Startseite","item":"https:\/\/ld-nrw.de\/"},{"@type":"ListItem","position":2,"name":"Minden-L\u00fcbbecke"}]},{"@type":"WebSite","@id":"https:\/\/ld-nrw.de\/#website","url":"https:\/\/ld-nrw.de\/","name":"Liberale Demokraten NRW","description":"","publisher":{"@id":"https:\/\/ld-nrw.de\/#organization"},"potentialAction":[{"@type":"SearchAction","target":{"@type":"EntryPoint","urlTemplate":"https:\/\/ld-nrw.de\/?s={search_term_string}"},"query-input":{"@type":"PropertyValueSpecification","valueRequired":true,"valueName":"search_term_string"}}],"inLanguage":"en-GB"},{"@type":"Organization","@id":"https:\/\/ld-nrw.de\/#organization","name":"Liberale Demokraten NRW","url":"https:\/\/ld-nrw.de\/","logo":{"@type":"ImageObject","inLanguage":"en-GB","@id":"https:\/\/ld-nrw.de\/#\/schema\/logo\/image\/","url":"https:\/\/ld-nrw.de\/wp-content\/uploads\/2023\/07\/ld_nrw.svg","contentUrl":"https:\/\/ld-nrw.de\/wp-content\/uploads\/2023\/07\/ld_nrw.svg","width":1595,"height":776,"caption":"Liberale Demokraten NRW"},"image":{"@id":"https:\/\/ld-nrw.de\/#\/schema\/logo\/image\/"},"sameAs":["https:\/\/www.facebook.com\/ldnrw","https:\/\/x.com\/ld_nrw","https:\/\/www.instagram.com\/ld_nrw\/"]}]}},"_links":{"self":[{"href":"https:\/\/ld-nrw.de\/en\/wp-json\/wp\/v2\/pages\/3407","targetHints":{"allow":["GET"]}}],"collection":[{"href":"https:\/\/ld-nrw.de\/en\/wp-json\/wp\/v2\/pages"}],"about":[{"href":"https:\/\/ld-nrw.de\/en\/wp-json\/wp\/v2\/types\/page"}],"author":[{"embeddable":true,"href":"https:\/\/ld-nrw.de\/en\/wp-json\/wp\/v2\/users\/10"}],"replies":[{"embeddable":true,"href":"https:\/\/ld-nrw.de\/en\/wp-json\/wp\/v2\/comments?post=3407"}],"version-history":[{"count":10,"href":"https:\/\/ld-nrw.de\/en\/wp-json\/wp\/v2\/pages\/3407\/revisions"}],"predecessor-version":[{"id":3454,"href":"https:\/\/ld-nrw.de\/en\/wp-json\/wp\/v2\/pages\/3407\/revisions\/3454"}],"wp:attachment":[{"href":"https:\/\/ld-nrw.de\/en\/wp-json\/wp\/v2\/media?parent=3407"}],"curies":[{"name":"wp","href":"https:\/\/api.w.org\/{rel}","templated":true}]}}