{"id":2685,"date":"2024-06-28T11:58:16","date_gmt":"2024-06-28T09:58:16","guid":{"rendered":"https:\/\/ld-nrw.de\/?page_id=2685"},"modified":"2026-08-21T17:08:45","modified_gmt":"2026-08-21T15:08:45","slug":"aachen","status":"publish","type":"page","link":"https:\/\/ld-nrw.de\/en\/aachen\/","title":{"rendered":"Aachen"},"content":{"rendered":"\n<div class=\"wp-block-columns is-layout-flex wp-container-core-columns-is-layout-995f960e wp-block-columns-is-layout-flex\">\n<div class=\"wp-block-column is-layout-flow wp-block-column-is-layout-flow\">\n<h1 class=\"wp-block-heading\">Liberale Demokraten Aachen<\/h1>\n\n\n\n<p class=\"wp-block-paragraph\">Aachen ist besonders. Grenzstadt, Kaiserstadt, Studierendenstadt. So eine Stadt muss auch politisch eigene Wege gehen.<\/p>\n\n\n\n<p class=\"wp-block-paragraph\">Wir Liberale Demokraten wollen, dass aus den Ideen, an denen an RWTH und FH Aachen geforscht wird, wirtschaftliche St\u00e4rke und neue Jobs f\u00fcr die ganze Region werden. Wir glauben daran, dass Aachen zum besten Ort f\u00fcr neue Unternehmen und f\u00fcr Selbstst\u00e4ndigkeit werden kann.<\/p>\n\n\n\n<p class=\"wp-block-paragraph\">Wir arbeiten daran, dass aus den kurzen Wegen, die unsere Stadt ausmachen, sichere und gr\u00fcne Wege werden. Wir tr\u00e4umen von einem Aachen, in dem unsere Busse, REs und die Euregiobahn p\u00fcnktlich kommen, einem Aachen mit Stra\u00dfenbahn und einem Aachen mit sicheren Schulwegen.<\/p>\n\n\n\n<p class=\"wp-block-paragraph\">Statt Gro\u00dfes gar nicht erst zu versuchen, sagen wir: <strong>Klar kann Aachen das!<\/strong> Und wir bieten die Politik, um es m\u00f6glich zu machen.<\/p>\n\n\n\n<p class=\"wp-block-paragraph\"><strong>Folge uns auf Social Media, um auf dem Laufenden zu bleiben:<\/strong><\/p>\n\n\n\n<ul class=\"wp-block-social-links is-style-logos-only is-layout-flex wp-block-social-links-is-layout-flex\"><li class=\"wp-social-link wp-social-link-instagram wp-block-social-link\"><a href=\"https:\/\/www.instagram.com\/ldaachen\" class=\"wp-block-social-link-anchor\"><svg width=\"24\" height=\"24\" viewBox=\"0 0 24 24\" version=\"1.1\" xmlns=\"http:\/\/www.w3.org\/2000\/svg\" aria-hidden=\"true\" focusable=\"false\"><path d=\"M12,4.622c2.403,0,2.688,0.009,3.637,0.052c0.877,0.04,1.354,0.187,1.671,0.31c0.42,0.163,0.72,0.358,1.035,0.673 c0.315,0.315,0.51,0.615,0.673,1.035c0.123,0.317,0.27,0.794,0.31,1.671c0.043,0.949,0.052,1.234,0.052,3.637 s-0.009,2.688-0.052,3.637c-0.04,0.877-0.187,1.354-0.31,1.671c-0.163,0.42-0.358,0.72-0.673,1.035 c-0.315,0.315-0.615,0.51-1.035,0.673c-0.317,0.123-0.794,0.27-1.671,0.31c-0.949,0.043-1.233,0.052-3.637,0.052 s-2.688-0.009-3.637-0.052c-0.877-0.04-1.354-0.187-1.671-0.31c-0.42-0.163-0.72-0.358-1.035-0.673 c-0.315-0.315-0.51-0.615-0.673-1.035c-0.123-0.317-0.27-0.794-0.31-1.671C4.631,14.688,4.622,14.403,4.622,12 s0.009-2.688,0.052-3.637c0.04-0.877,0.187-1.354,0.31-1.671c0.163-0.42,0.358-0.72,0.673-1.035 c0.315-0.315,0.615-0.51,1.035-0.673c0.317-0.123,0.794-0.27,1.671-0.31C9.312,4.631,9.597,4.622,12,4.622 M12,3 C9.556,3,9.249,3.01,8.289,3.054C7.331,3.098,6.677,3.25,6.105,3.472C5.513,3.702,5.011,4.01,4.511,4.511 c-0.5,0.5-0.808,1.002-1.038,1.594C3.25,6.677,3.098,7.331,3.054,8.289C3.01,9.249,3,9.556,3,12c0,2.444,0.01,2.751,0.054,3.711 c0.044,0.958,0.196,1.612,0.418,2.185c0.23,0.592,0.538,1.094,1.038,1.594c0.5,0.5,1.002,0.808,1.594,1.038 c0.572,0.222,1.227,0.375,2.185,0.418C9.249,20.99,9.556,21,12,21s2.751-0.01,3.711-0.054c0.958-0.044,1.612-0.196,2.185-0.418 c0.592-0.23,1.094-0.538,1.594-1.038c0.5-0.5,0.808-1.002,1.038-1.594c0.222-0.572,0.375-1.227,0.418-2.185 C20.99,14.751,21,14.444,21,12s-0.01-2.751-0.054-3.711c-0.044-0.958-0.196-1.612-0.418-2.185c-0.23-0.592-0.538-1.094-1.038-1.594 c-0.5-0.5-1.002-0.808-1.594-1.038c-0.572-0.222-1.227-0.375-2.185-0.418C14.751,3.01,14.444,3,12,3L12,3z M12,7.378 c-2.552,0-4.622,2.069-4.622,4.622S9.448,16.622,12,16.622s4.622-2.069,4.622-4.622S14.552,7.378,12,7.378z M12,15 c-1.657,0-3-1.343-3-3s1.343-3,3-3s3,1.343,3,3S13.657,15,12,15z M16.804,6.116c-0.596,0-1.08,0.484-1.08,1.08 s0.484,1.08,1.08,1.08c0.596,0,1.08-0.484,1.08-1.08S17.401,6.116,16.804,6.116z\"><\/path><\/svg><span class=\"wp-block-social-link-label screen-reader-text\">Instagram<\/span><\/a><\/li>\n\n<li class=\"wp-social-link wp-social-link-facebook wp-block-social-link\"><a href=\"https:\/\/www.facebook.com\/ldaachen\" class=\"wp-block-social-link-anchor\"><svg width=\"24\" height=\"24\" viewBox=\"0 0 24 24\" version=\"1.1\" xmlns=\"http:\/\/www.w3.org\/2000\/svg\" aria-hidden=\"true\" focusable=\"false\"><path d=\"M12 2C6.5 2 2 6.5 2 12c0 5 3.7 9.1 8.4 9.9v-7H7.9V12h2.5V9.8c0-2.5 1.5-3.9 3.8-3.9 1.1 0 2.2.2 2.2.2v2.5h-1.3c-1.2 0-1.6.8-1.6 1.6V12h2.8l-.4 2.9h-2.3v7C18.3 21.1 22 17 22 12c0-5.5-4.5-10-10-10z\"><\/path><\/svg><span class=\"wp-block-social-link-label screen-reader-text\">Facebook<\/span><\/a><\/li>\n\n<li class=\"wp-social-link wp-social-link-mail wp-block-social-link\"><a href=\"mailto:kontakt@ld-aachen.de\" class=\"wp-block-social-link-anchor\"><svg width=\"24\" height=\"24\" viewBox=\"0 0 24 24\" version=\"1.1\" xmlns=\"http:\/\/www.w3.org\/2000\/svg\" aria-hidden=\"true\" focusable=\"false\"><path d=\"M19,5H5c-1.1,0-2,.9-2,2v10c0,1.1.9,2,2,2h14c1.1,0,2-.9,2-2V7c0-1.1-.9-2-2-2zm.5,12c0,.3-.2.5-.5.5H5c-.3,0-.5-.2-.5-.5V9.8l7.5,5.6,7.5-5.6V17zm0-9.1L12,13.6,4.5,7.9V7c0-.3.2-.5.5-.5h14c.3,0,.5.2.5.5v.9z\"><\/path><\/svg><span class=\"wp-block-social-link-label screen-reader-text\">Mail<\/span><\/a><\/li><\/ul>\n<\/div>\n\n\n\n<div class=\"wp-block-column is-layout-flow wp-block-column-is-layout-flow\">\n<figure class=\"wp-block-image size-large has-custom-border\"><img loading=\"lazy\" decoding=\"async\" width=\"1024\" height=\"683\" src=\"https:\/\/ld-nrw.de\/wp-content\/uploads\/2024\/06\/alexander-schimmeck-daWF_UJP7CI-unsplash-1024x683.jpg\" alt=\"\" class=\"wp-image-2688\" style=\"border-style:none;border-width:0px;border-radius:10px\" srcset=\"https:\/\/ld-nrw.de\/wp-content\/uploads\/2024\/06\/alexander-schimmeck-daWF_UJP7CI-unsplash-1024x683.jpg 1024w, https:\/\/ld-nrw.de\/wp-content\/uploads\/2024\/06\/alexander-schimmeck-daWF_UJP7CI-unsplash-300x200.jpg 300w, https:\/\/ld-nrw.de\/wp-content\/uploads\/2024\/06\/alexander-schimmeck-daWF_UJP7CI-unsplash-768x512.jpg 768w, https:\/\/ld-nrw.de\/wp-content\/uploads\/2024\/06\/alexander-schimmeck-daWF_UJP7CI-unsplash-1536x1024.jpg 1536w, https:\/\/ld-nrw.de\/wp-content\/uploads\/2024\/06\/alexander-schimmeck-daWF_UJP7CI-unsplash-2048x1365.jpg 2048w, https:\/\/ld-nrw.de\/wp-content\/uploads\/2024\/06\/alexander-schimmeck-daWF_UJP7CI-unsplash-18x12.jpg 18w\" sizes=\"auto, (max-width: 1024px) 100vw, 1024px\" \/><\/figure>\n<\/div>\n<\/div>\n\n\n\n<h2 class=\"wp-block-heading\">Unsere wichtigsten Themen f\u00fcr Aachen<\/h2>\n\n\n\n<div class=\"wp-block-columns is-layout-flex wp-container-core-columns-is-layout-995f960e wp-block-columns-is-layout-flex\">\n<div class=\"wp-block-column is-layout-flow wp-block-column-is-layout-flow\">\n<h3 class=\"wp-block-heading\">\u00d6ffentlicher Verkehr<\/h3>\n\n\n\n<figure class=\"wp-block-image size-large has-custom-border\"><img loading=\"lazy\" decoding=\"async\" width=\"1024\" height=\"684\" src=\"https:\/\/ld-nrw.de\/wp-content\/uploads\/2024\/06\/roman-kraft-M0n-hwbXJ-k-unsplash-1024x684.jpg\" alt=\"\" class=\"wp-image-2696\" style=\"border-radius:10px\" srcset=\"https:\/\/ld-nrw.de\/wp-content\/uploads\/2024\/06\/roman-kraft-M0n-hwbXJ-k-unsplash-1024x684.jpg 1024w, https:\/\/ld-nrw.de\/wp-content\/uploads\/2024\/06\/roman-kraft-M0n-hwbXJ-k-unsplash-300x200.jpg 300w, https:\/\/ld-nrw.de\/wp-content\/uploads\/2024\/06\/roman-kraft-M0n-hwbXJ-k-unsplash-768x513.jpg 768w, https:\/\/ld-nrw.de\/wp-content\/uploads\/2024\/06\/roman-kraft-M0n-hwbXJ-k-unsplash-1536x1025.jpg 1536w, https:\/\/ld-nrw.de\/wp-content\/uploads\/2024\/06\/roman-kraft-M0n-hwbXJ-k-unsplash-2048x1367.jpg 2048w, https:\/\/ld-nrw.de\/wp-content\/uploads\/2024\/06\/roman-kraft-M0n-hwbXJ-k-unsplash-18x12.jpg 18w\" sizes=\"auto, (max-width: 1024px) 100vw, 1024px\" \/><\/figure>\n\n\n\n<p class=\"wp-block-paragraph\">Die <a href=\"https:\/\/regiotram-aachen.de\/\">RegioTram<\/a> ist ein entscheidendes Projekt f\u00fcr die ganze St\u00e4dteregion, das nun verz\u00f6gerungsfrei fertiggestellt werden muss. Mit ihr darf aber nicht Schluss sein. Wir brauchen eine echte Aachener Stra\u00dfenbahn, die die gesamte Stadt erschlie\u00dft und ans Umland anbindet.<\/p>\n\n\n\n<p class=\"wp-block-paragraph\">Auch im Kleinen muss es in Aachen einfacher werden, ans Ziel zu kommen. Der S\u00fcdeingang des Hauptbahnhofs muss endlich aus dem politischen Dauerschlaf geholt werden. Die Elektrifizierung und Klimatisierung der ASEAG-Flotte muss schneller gehen. Wo heute die P\u00fcnktlichkeit leidet, muss der \u00d6PNV im Stra\u00dfenraum Vorrang bekommen.<\/p>\n\n\n\n<p class=\"wp-block-paragraph\">Nicht zuletzt k\u00e4mpfen wir daf\u00fcr, dass Bauarbeiten an den Bahnstrecken nach M\u00f6nchengladbach und K\u00f6ln kein Dauerchaos mehr bedeuten. Schienenersatzverkehr muss die entfallenden Leistungen 1-zu-1 ersetzen.<\/p>\n<\/div>\n\n\n\n<div class=\"wp-block-column is-layout-flow wp-block-column-is-layout-flow\">\n<h3 class=\"wp-block-heading\">Obdachlosigkeit<\/h3>\n\n\n\n<figure class=\"wp-block-image size-large has-custom-border\"><img loading=\"lazy\" decoding=\"async\" width=\"1024\" height=\"683\" src=\"https:\/\/ld-nrw.de\/wp-content\/uploads\/2024\/06\/mihaly-koles-324p_yfAZhE-unsplash-1024x683.jpg\" alt=\"\" class=\"wp-image-2697\" style=\"border-radius:10px\" srcset=\"https:\/\/ld-nrw.de\/wp-content\/uploads\/2024\/06\/mihaly-koles-324p_yfAZhE-unsplash-1024x683.jpg 1024w, https:\/\/ld-nrw.de\/wp-content\/uploads\/2024\/06\/mihaly-koles-324p_yfAZhE-unsplash-300x200.jpg 300w, https:\/\/ld-nrw.de\/wp-content\/uploads\/2024\/06\/mihaly-koles-324p_yfAZhE-unsplash-768x512.jpg 768w, https:\/\/ld-nrw.de\/wp-content\/uploads\/2024\/06\/mihaly-koles-324p_yfAZhE-unsplash-1536x1024.jpg 1536w, https:\/\/ld-nrw.de\/wp-content\/uploads\/2024\/06\/mihaly-koles-324p_yfAZhE-unsplash-2048x1365.jpg 2048w, https:\/\/ld-nrw.de\/wp-content\/uploads\/2024\/06\/mihaly-koles-324p_yfAZhE-unsplash-18x12.jpg 18w\" sizes=\"auto, (max-width: 1024px) 100vw, 1024px\" \/><\/figure>\n\n\n\n<p class=\"wp-block-paragraph\">Egal ob am Bahnhofsvorplatz, am Bushof oder am Kaiserplatz: Obdachlosigkeit ist im Aachener Stadtbild un\u00fcbersehbar. An dieses allgegenw\u00e4rtige Elend hat sich die deutsche Politik viel zu sehr gew\u00f6hnt.<\/p>\n\n\n\n<p class=\"wp-block-paragraph\">Unser Ziel ist klar: Wir wollen ein Aachen, in dem niemand auf der Stra\u00dfe leben muss. Dabei folgen wir dem Ansatz, mit dem Finnland dieses Ziel erfolgreich erreicht hat: \u201eHousing First\u201c. <\/p>\n\n\n\n<p class=\"wp-block-paragraph\">Bei diesem Modell wird obdachlosen Menschen zun\u00e4chst bedingungslos ein sicheres Zuhause zur Verf\u00fcgung gestellt. Damit erhalten die Betroffenen die n\u00f6tige Sicherheit, um gemeinsam mit Sozialarbeiter_innen die Probleme, die zu ihrer Wohnungslosigkeit gef\u00fchrt haben, anzugehen.<\/p>\n\n\n\n<p class=\"wp-block-paragraph\">Zus\u00e4tzlich fordern wir konsequente Vereinfachung von Antr\u00e4gen und Prozessen, um den Zugang zu bereits heute bereitstehenden Leistungen und Angeboten zu erleichtern.<\/p>\n<\/div>\n\n\n\n<div class=\"wp-block-column is-layout-flow wp-block-column-is-layout-flow\">\n<h3 class=\"wp-block-heading\">Wohlstand &amp; Jobs<\/h3>\n\n\n\n<figure class=\"wp-block-image size-large has-custom-border\"><img loading=\"lazy\" decoding=\"async\" width=\"1024\" height=\"683\" src=\"https:\/\/ld-nrw.de\/wp-content\/uploads\/2026\/08\/proxyclick-visitor-management-system-l90zRbWvCoE-unsplash-1024x683.jpg\" alt=\"\" class=\"wp-image-3417\" style=\"border-radius:10px\" srcset=\"https:\/\/ld-nrw.de\/wp-content\/uploads\/2026\/08\/proxyclick-visitor-management-system-l90zRbWvCoE-unsplash-1024x683.jpg 1024w, https:\/\/ld-nrw.de\/wp-content\/uploads\/2026\/08\/proxyclick-visitor-management-system-l90zRbWvCoE-unsplash-300x200.jpg 300w, https:\/\/ld-nrw.de\/wp-content\/uploads\/2026\/08\/proxyclick-visitor-management-system-l90zRbWvCoE-unsplash-768x512.jpg 768w, https:\/\/ld-nrw.de\/wp-content\/uploads\/2026\/08\/proxyclick-visitor-management-system-l90zRbWvCoE-unsplash-18x12.jpg 18w, https:\/\/ld-nrw.de\/wp-content\/uploads\/2026\/08\/proxyclick-visitor-management-system-l90zRbWvCoE-unsplash.jpg 1200w\" sizes=\"auto, (max-width: 1024px) 100vw, 1024px\" \/><\/figure>\n\n\n\n<p class=\"wp-block-paragraph\">Aachen hat die Hochschulen und den Charme, um junge Menschen anzulocken. Ihm fehlen jedoch zu oft die Unternehmen, um sie nach dem Studium zu halten.<\/p>\n\n\n\n<p class=\"wp-block-paragraph\">Dabei ist Aachen einmalig platziert, um zu einem europ\u00e4ischen Zentrum der Spitzentechnologie zu werden. Daf\u00fcr m\u00fcssen wir jedoch Politik machen, die daf\u00fcr die richtigen Voraussetzungen schafft, etwa durch die n\u00f6tigen Fl\u00e4chen, g\u00fcnstige Mieten f\u00fcr die Besch\u00e4ftigten, F\u00f6rderprogramme, Beratungsstellen und den Willen, Probleme aus dem Weg zu schaffen, auch wenn ein junges Unternehmen keine bekannten Wege gehen m\u00f6chte.<\/p>\n\n\n\n<p class=\"wp-block-paragraph\">Konkret setzen wir uns f\u00fcr ein gemeinsames Gr\u00fcndungszentrum in Kooperation zwischen Stadt, RWTH und FH ein, das Kompetenzen, Angebote und M\u00f6glichkeiten aufdeckt und b\u00fcndelt. Au\u00dferdem w\u00fcnschen wir uns eine Stadtpolitik, die aktiv um Unternehmen und Investitionen wirbt.<\/p>\n<\/div>\n<\/div>\n\n\n\n<div class=\"wp-block-buttons is-content-justification-center is-layout-flex wp-container-core-buttons-is-layout-eaa9c562 wp-block-buttons-is-layout-flex\">\n<div class=\"wp-block-button\"><a class=\"wp-block-button__link wp-element-button\" href=\"https:\/\/liberale-demokraten.de\/positionen\/\">Bundesweite Positionen ansehen<\/a><\/div>\n<\/div>\n\n\n\n<h2 class=\"wp-block-heading\">Das sind wir<\/h2>\n\n\n\n<div class=\"wp-block-columns is-layout-flex wp-container-core-columns-is-layout-995f960e wp-block-columns-is-layout-flex\">\n<div class=\"wp-block-column is-layout-flow wp-block-column-is-layout-flow\" style=\"flex-basis:66.66%\">\n<p class=\"wp-block-paragraph\"><strong>Wir sind eine liberale Partei. Das hei\u00dft, dass wir nachhaltig handeln, Armut bek\u00e4mpfen, Aufstiegschancen schaffen und Wohlstand und B\u00fcrgerrechte sichern. <\/strong><\/p>\n\n\n\n<p class=\"wp-block-paragraph\">Sozialliberalismus ist die Idee, die alle unsere Mitglieder in Aachen dazu bewegt hat, sich politisch zu engagieren. Wir wollen Politik, die dem Grundgedanken der Achtung der pers\u00f6nlichen Freiheit folgt, nach Aachen bringen.<\/p>\n\n\n\n<p class=\"wp-block-paragraph\">Derzeit sind die meisten unserer Mitglieder Studentinnen und Studenten, entsprechend jung ist der Altersdurchschnitt.<\/p>\n<\/div>\n\n\n\n<div class=\"wp-block-column is-layout-flow wp-block-column-is-layout-flow\" style=\"flex-basis:33.33%\"><div class=\"ct-block-wrapper\">\n\n<div class=\"ct-about-me-block \" data-alignment=\"center\" style=\"--background-color:rgba(218, 222, 228, 0.5);--background-hover-color:rgba(218, 222, 228, 0.7);\">\n\t<figure class=\"ct-media-container\" data-size=\"medium\" data-shape=\"rounded\"><img decoding=\"async\" width=\"300\" height=\"300\" src=\"https:\/\/ld-nrw.de\/wp-content\/uploads\/2026\/08\/bpt2025_pb-300x300.jpg\" class=\"attachment-medium size-medium\" alt=\"\" loading=\"lazy\" srcset=\"https:\/\/ld-nrw.de\/wp-content\/uploads\/2026\/08\/bpt2025_pb-300x300.jpg 300w, https:\/\/ld-nrw.de\/wp-content\/uploads\/2026\/08\/bpt2025_pb-150x150.jpg 150w, https:\/\/ld-nrw.de\/wp-content\/uploads\/2026\/08\/bpt2025_pb-768x768.jpg 768w, https:\/\/ld-nrw.de\/wp-content\/uploads\/2026\/08\/bpt2025_pb-12x12.jpg 12w, https:\/\/ld-nrw.de\/wp-content\/uploads\/2026\/08\/bpt2025_pb.jpg 1000w\" sizes=\"auto, (max-width: 300px) 100vw, 300px\" itemprop=\"image\" style=\"aspect-ratio: 1\/1;\" \/><\/figure>\n\t<div class=\"ct-about-me-name\">\n\t\t<span>Paul Vossiek<\/span>\n\n\t\t\t<\/div>\n\n\t<div class=\"ct-about-me-text\">Kommunalpolitischer Sprecher<\/div>\n\n\t\n\t\t<div class=\"ct-social-box\" data-color=\"default\" data-icon-size=\"small\" data-icons-type=\"rounded:outline\" >\n\t\t\t\n\t\t\t\n\t\t\t\t\t\t\t\n\t\t\t\t<a href=\"mailto:paul.vossiek@liberale-demokraten.de\" data-network=\"email\" aria-label=\"Email\">\n\t\t\t\t\t<span class=\"ct-icon-container\">\n\t\t\t\t\t<svg\n\t\t\t\t\twidth=\"20\"\n\t\t\t\t\theight=\"20\"\n\t\t\t\t\tviewBox=\"0 0 20 20\"\n\t\t\t\t\taria-hidden=\"true\">\n\t\t\t\t\t\t<path d=\"M10,10.1L0,4.7C0.1,3.2,1.4,2,3,2h14c1.6,0,2.9,1.2,3,2.8L10,10.1z M10,11.8c-0.1,0-0.2,0-0.4-0.1L0,6.4V15c0,1.7,1.3,3,3,3h4.9h4.3H17c1.7,0,3-1.3,3-3V6.4l-9.6,5.2C10.2,11.7,10.1,11.7,10,11.8z\"\/>\n\t\t\t\t\t<\/svg>\n\t\t\t\t<\/span>\t\t\t\t<\/a>\n\t\t\t\n\t\t\t\n\t\t\t\t\t<\/div>\n\n\t<\/div>\n\n<\/div><\/div>\n<\/div>\n\n\n\n<h2 class=\"wp-block-heading\">So engagieren wir uns bereits<\/h2>\n\n\n\n<div data-id=\"22f2864d\" class=\"wp-block-blocksy-query\"><div class=\"ct-query-template-grid\"><article class=\"wp-block-post is-layout-flow post-3455 post type-post status-publish format-standard has-post-thumbnail hentry category-aachen category-lokales\">\n\n<div class=\"wp-block-cover has-custom-content-position is-position-bottom-center\" style=\"border-radius:5px;padding-top:var(--wp--preset--spacing--50);padding-right:var(--wp--preset--spacing--50);padding-bottom:var(--wp--preset--spacing--50);padding-left:var(--wp--preset--spacing--50);min-height:296px;aspect-ratio:unset;\"><span aria-hidden=\"true\" class=\"wp-block-cover__background has-background-dim-60 has-background-dim has-background-gradient\" style=\"background:linear-gradient(0deg,rgb(4,28,44) 36%,rgba(4,28,43,0.27) 100%)\"><\/span><img loading=\"lazy\" decoding=\"async\" width=\"1200\" height=\"675\" src=\"https:\/\/ld-nrw.de\/wp-content\/uploads\/2026\/08\/csd-aachen-100_v-HintergrundXL.jpg\" class=\"wp-block-cover__image-background wp-post-image\" alt=\"\" data-object-fit=\"cover\" srcset=\"https:\/\/ld-nrw.de\/wp-content\/uploads\/2026\/08\/csd-aachen-100_v-HintergrundXL.jpg 1200w, https:\/\/ld-nrw.de\/wp-content\/uploads\/2026\/08\/csd-aachen-100_v-HintergrundXL-300x169.jpg 300w, https:\/\/ld-nrw.de\/wp-content\/uploads\/2026\/08\/csd-aachen-100_v-HintergrundXL-1024x576.jpg 1024w, https:\/\/ld-nrw.de\/wp-content\/uploads\/2026\/08\/csd-aachen-100_v-HintergrundXL-768x432.jpg 768w, https:\/\/ld-nrw.de\/wp-content\/uploads\/2026\/08\/csd-aachen-100_v-HintergrundXL-18x10.jpg 18w\" sizes=\"auto, (max-width: 1200px) 100vw, 1200px\" \/><div class=\"wp-block-cover__inner-container is-layout-constrained wp-container-core-cover-is-layout-0efc5b18 wp-block-cover-is-layout-constrained\"><h2 class=\"ct-dynamic-data has-text-align-center wp-elements-4 wp-elements-5 has-large-font-size\"><a href=\"https:\/\/ld-nrw.de\/en\/aktuelles\/ld-stand-auf-dem-csd-aachen\/\">LD-Stand auf dem CSD Aachen<\/a><\/h2>\n\n<div style=\"font-size:14px;font-style:normal;font-weight:700;text-transform:uppercase\" class=\"ct-dynamic-data has-text-align-center wp-elements-6 wp-elements-7 has-text-color has-palette-color-6-color\"><time datetime=\"2026-08-23T20:44:55+02:00\" itemprop=\"datePublished\">23. August 2026<\/time><\/div><\/div><\/div>\n\n<\/article><article class=\"wp-block-post is-layout-flow post-3088 post type-post status-publish format-standard has-post-thumbnail hentry category-aachen tag-aachen tag-fahrrad tag-kommunalpolitik\">\n\n<div class=\"wp-block-cover has-custom-content-position is-position-bottom-center\" style=\"border-radius:5px;padding-top:var(--wp--preset--spacing--50);padding-right:var(--wp--preset--spacing--50);padding-bottom:var(--wp--preset--spacing--50);padding-left:var(--wp--preset--spacing--50);min-height:296px;aspect-ratio:unset;\"><span aria-hidden=\"true\" class=\"wp-block-cover__background has-background-dim-60 has-background-dim has-background-gradient\" style=\"background:linear-gradient(0deg,rgb(4,28,44) 36%,rgba(4,28,43,0.27) 100%)\"><\/span><img loading=\"lazy\" decoding=\"async\" width=\"1920\" height=\"1422\" src=\"https:\/\/ld-nrw.de\/wp-content\/uploads\/2025\/11\/ecdadac4af500a28cb4c7ae7136a622e.webp\" class=\"wp-block-cover__image-background wp-post-image\" alt=\"\" data-object-fit=\"cover\" srcset=\"https:\/\/ld-nrw.de\/wp-content\/uploads\/2025\/11\/ecdadac4af500a28cb4c7ae7136a622e.webp 1920w, https:\/\/ld-nrw.de\/wp-content\/uploads\/2025\/11\/ecdadac4af500a28cb4c7ae7136a622e-300x222.webp 300w, https:\/\/ld-nrw.de\/wp-content\/uploads\/2025\/11\/ecdadac4af500a28cb4c7ae7136a622e-1024x758.webp 1024w, https:\/\/ld-nrw.de\/wp-content\/uploads\/2025\/11\/ecdadac4af500a28cb4c7ae7136a622e-768x569.webp 768w, https:\/\/ld-nrw.de\/wp-content\/uploads\/2025\/11\/ecdadac4af500a28cb4c7ae7136a622e-1536x1138.webp 1536w, https:\/\/ld-nrw.de\/wp-content\/uploads\/2025\/11\/ecdadac4af500a28cb4c7ae7136a622e-16x12.webp 16w\" sizes=\"auto, (max-width: 1920px) 100vw, 1920px\" \/><div class=\"wp-block-cover__inner-container is-layout-constrained wp-container-core-cover-is-layout-0efc5b18 wp-block-cover-is-layout-constrained\"><h2 class=\"ct-dynamic-data has-text-align-center wp-elements-8 wp-elements-9 has-large-font-size\"><a href=\"https:\/\/ld-nrw.de\/en\/aktuelles\/ld-fordern-gruenpfeil-fuer-den-radverkehr-am-boxgraben\/\">LD fordern Gr\u00fcnpfeil f\u00fcr den Radverkehr am Boxgraben<\/a><\/h2>\n\n<div style=\"font-size:14px;font-style:normal;font-weight:700;text-transform:uppercase\" class=\"ct-dynamic-data has-text-align-center wp-elements-10 wp-elements-11 has-text-color has-palette-color-6-color\"><time datetime=\"2025-11-02T14:36:26+01:00\" itemprop=\"datePublished\">2. November 2025<\/time><\/div><\/div><\/div>\n\n<\/article><article class=\"wp-block-post is-layout-flow post-2701 post type-post status-publish format-standard has-post-thumbnail hentry category-aachen\">\n\n<div class=\"wp-block-cover has-custom-content-position is-position-bottom-center\" style=\"border-radius:5px;padding-top:var(--wp--preset--spacing--50);padding-right:var(--wp--preset--spacing--50);padding-bottom:var(--wp--preset--spacing--50);padding-left:var(--wp--preset--spacing--50);min-height:296px;aspect-ratio:unset;\"><span aria-hidden=\"true\" class=\"wp-block-cover__background has-background-dim-60 has-background-dim has-background-gradient\" style=\"background:linear-gradient(0deg,rgb(4,28,44) 36%,rgba(4,28,43,0.27) 100%)\"><\/span><img loading=\"lazy\" decoding=\"async\" width=\"670\" height=\"336\" src=\"https:\/\/ld-nrw.de\/wp-content\/uploads\/2024\/06\/buergerantrag_service.jpg\" class=\"wp-block-cover__image-background wp-post-image\" alt=\"\" data-object-fit=\"cover\" srcset=\"https:\/\/ld-nrw.de\/wp-content\/uploads\/2024\/06\/buergerantrag_service.jpg 670w, https:\/\/ld-nrw.de\/wp-content\/uploads\/2024\/06\/buergerantrag_service-300x150.jpg 300w, https:\/\/ld-nrw.de\/wp-content\/uploads\/2024\/06\/buergerantrag_service-18x9.jpg 18w\" sizes=\"auto, (max-width: 670px) 100vw, 670px\" \/><div class=\"wp-block-cover__inner-container is-layout-constrained wp-container-core-cover-is-layout-0efc5b18 wp-block-cover-is-layout-constrained\"><h2 class=\"ct-dynamic-data has-text-align-center wp-elements-12 wp-elements-13 has-large-font-size\"><a href=\"https:\/\/ld-nrw.de\/en\/aktuelles\/buergerantrag-online-buergerinnenservice-mehrsprachig-machen\/\">B\u00fcrgerantrag: Online-B\u00fcrger*innenservice mehrsprachig machen<\/a><\/h2>\n\n<div style=\"font-size:14px;font-style:normal;font-weight:700;text-transform:uppercase\" class=\"ct-dynamic-data has-text-align-center wp-elements-14 wp-elements-15 has-text-color has-palette-color-6-color\"><time datetime=\"2022-08-29T12:21:00+02:00\" itemprop=\"datePublished\">29. August 2022<\/time><\/div><\/div><\/div>\n\n<\/article><article class=\"wp-block-post is-layout-flow post-1991 post type-post status-publish format-standard has-post-thumbnail hentry category-aachen category-neuigkeit tag-landtag tag-landtagswahl tag-wahl\">\n\n<div class=\"wp-block-cover has-custom-content-position is-position-bottom-center\" style=\"border-radius:5px;padding-top:var(--wp--preset--spacing--50);padding-right:var(--wp--preset--spacing--50);padding-bottom:var(--wp--preset--spacing--50);padding-left:var(--wp--preset--spacing--50);min-height:296px;aspect-ratio:unset;\"><span aria-hidden=\"true\" class=\"wp-block-cover__background has-background-dim-60 has-background-dim has-background-gradient\" style=\"background:linear-gradient(0deg,rgb(4,28,44) 36%,rgba(4,28,43,0.27) 100%)\"><\/span><img loading=\"lazy\" decoding=\"async\" width=\"1000\" height=\"667\" src=\"https:\/\/ld-nrw.de\/wp-content\/uploads\/2023\/07\/Vossiek_Paul_0168-1.jpg\" class=\"wp-block-cover__image-background wp-post-image\" alt=\"\" data-object-fit=\"cover\" srcset=\"https:\/\/ld-nrw.de\/wp-content\/uploads\/2023\/07\/Vossiek_Paul_0168-1.jpg 1000w, https:\/\/ld-nrw.de\/wp-content\/uploads\/2023\/07\/Vossiek_Paul_0168-1-300x200.jpg 300w, https:\/\/ld-nrw.de\/wp-content\/uploads\/2023\/07\/Vossiek_Paul_0168-1-768x512.jpg 768w, https:\/\/ld-nrw.de\/wp-content\/uploads\/2023\/07\/Vossiek_Paul_0168-1-18x12.jpg 18w\" sizes=\"auto, (max-width: 1000px) 100vw, 1000px\" \/><div class=\"wp-block-cover__inner-container is-layout-constrained wp-container-core-cover-is-layout-0efc5b18 wp-block-cover-is-layout-constrained\"><h2 class=\"ct-dynamic-data has-text-align-center wp-elements-16 wp-elements-17 has-large-font-size\"><a href=\"https:\/\/ld-nrw.de\/en\/aktuelles\/ld-kandidat-paul-vossiek-steht-auf-dem-wahlzettel\/\">LD-Kandidat Paul Vossiek steht auf dem Wahlzettel<\/a><\/h2>\n\n<div style=\"font-size:14px;font-style:normal;font-weight:700;text-transform:uppercase\" class=\"ct-dynamic-data has-text-align-center wp-elements-18 wp-elements-19 has-text-color has-palette-color-6-color\"><time datetime=\"2022-03-26T11:44:03+01:00\" itemprop=\"datePublished\">26. March 2022<\/time><\/div><\/div><\/div>\n\n<\/article><article class=\"wp-block-post is-layout-flow post-2723 post type-post status-publish format-standard has-post-thumbnail hentry category-aachen\">\n\n<div class=\"wp-block-cover has-custom-content-position is-position-bottom-center\" style=\"border-radius:5px;padding-top:var(--wp--preset--spacing--50);padding-right:var(--wp--preset--spacing--50);padding-bottom:var(--wp--preset--spacing--50);padding-left:var(--wp--preset--spacing--50);min-height:296px;aspect-ratio:unset;\"><span aria-hidden=\"true\" class=\"wp-block-cover__background has-background-dim-60 has-background-dim has-background-gradient\" style=\"background:linear-gradient(0deg,rgb(4,28,44) 36%,rgba(4,28,43,0.27) 100%)\"><\/span><img loading=\"lazy\" decoding=\"async\" width=\"2048\" height=\"1536\" src=\"https:\/\/ld-nrw.de\/wp-content\/uploads\/2024\/06\/Anlage1.jpg\" class=\"wp-block-cover__image-background wp-post-image\" alt=\"\" data-object-fit=\"cover\" srcset=\"https:\/\/ld-nrw.de\/wp-content\/uploads\/2024\/06\/Anlage1.jpg 2048w, https:\/\/ld-nrw.de\/wp-content\/uploads\/2024\/06\/Anlage1-300x225.jpg 300w, https:\/\/ld-nrw.de\/wp-content\/uploads\/2024\/06\/Anlage1-1024x768.jpg 1024w, https:\/\/ld-nrw.de\/wp-content\/uploads\/2024\/06\/Anlage1-768x576.jpg 768w, https:\/\/ld-nrw.de\/wp-content\/uploads\/2024\/06\/Anlage1-1536x1152.jpg 1536w, https:\/\/ld-nrw.de\/wp-content\/uploads\/2024\/06\/Anlage1-16x12.jpg 16w\" sizes=\"auto, (max-width: 2048px) 100vw, 2048px\" \/><div class=\"wp-block-cover__inner-container is-layout-constrained wp-container-core-cover-is-layout-0efc5b18 wp-block-cover-is-layout-constrained\"><h2 class=\"ct-dynamic-data has-text-align-center wp-elements-20 wp-elements-21 has-large-font-size\"><a href=\"https:\/\/ld-nrw.de\/en\/aktuelles\/weg-kamper-strasse-burtscheider-strasse-ld-aachen-stellen-buergerantrag\/\">Weg Kamper Stra\u00dfe \u2013 Burtscheider Stra\u00dfe: LD Aachen stellen B\u00fcrgerantrag<\/a><\/h2>\n\n<div style=\"font-size:14px;font-style:normal;font-weight:700;text-transform:uppercase\" class=\"ct-dynamic-data has-text-align-center wp-elements-22 wp-elements-23 has-text-color has-palette-color-6-color\"><time datetime=\"2021-07-24T12:35:00+02:00\" itemprop=\"datePublished\">24. July 2021<\/time><\/div><\/div><\/div>\n\n<\/article><article class=\"wp-block-post is-layout-flow post-3382 post type-post status-publish format-standard has-post-thumbnail hentry category-aachen category-lokales tag-aachen tag-kommunalpolitik\">\n\n<div class=\"wp-block-cover has-custom-content-position is-position-bottom-center\" style=\"border-radius:5px;padding-top:var(--wp--preset--spacing--50);padding-right:var(--wp--preset--spacing--50);padding-bottom:var(--wp--preset--spacing--50);padding-left:var(--wp--preset--spacing--50);min-height:296px;aspect-ratio:unset;\"><span aria-hidden=\"true\" class=\"wp-block-cover__background has-background-dim-60 has-background-dim has-background-gradient\" style=\"background:linear-gradient(0deg,rgb(4,28,44) 36%,rgba(4,28,43,0.27) 100%)\"><\/span><img loading=\"lazy\" decoding=\"async\" width=\"400\" height=\"250\" src=\"https:\/\/ld-nrw.de\/wp-content\/uploads\/2026\/06\/aachen_grosse_ideen-1-400x250-1.jpg\" class=\"wp-block-cover__image-background wp-post-image\" alt=\"\" data-object-fit=\"cover\" srcset=\"https:\/\/ld-nrw.de\/wp-content\/uploads\/2026\/06\/aachen_grosse_ideen-1-400x250-1.jpg 400w, https:\/\/ld-nrw.de\/wp-content\/uploads\/2026\/06\/aachen_grosse_ideen-1-400x250-1-300x188.jpg 300w, https:\/\/ld-nrw.de\/wp-content\/uploads\/2026\/06\/aachen_grosse_ideen-1-400x250-1-18x12.jpg 18w\" sizes=\"auto, (max-width: 400px) 100vw, 400px\" \/><div class=\"wp-block-cover__inner-container is-layout-constrained wp-container-core-cover-is-layout-0efc5b18 wp-block-cover-is-layout-constrained\"><h2 class=\"ct-dynamic-data has-text-align-center wp-elements-24 wp-elements-25 has-large-font-size\"><a href=\"https:\/\/ld-nrw.de\/en\/aktuelles\/es-ist-zeit-fuer-grosse-ideen-in-aachen\/\">Es ist Zeit f\u00fcr gro\u00dfe Ideen in Aachen<\/a><\/h2>\n\n<div style=\"font-size:14px;font-style:normal;font-weight:700;text-transform:uppercase\" class=\"ct-dynamic-data has-text-align-center wp-elements-26 wp-elements-27 has-text-color has-palette-color-6-color\"><time datetime=\"2021-02-23T19:32:00+01:00\" itemprop=\"datePublished\">23. February 2021<\/time><\/div><\/div><\/div>\n\n<\/article><\/div><style>[data-id='22f2864d'] {--grid-columns-width:3;}@media (max-width: 999.98px) {[data-id='22f2864d'] {--grid-columns-width:2;}}@media (max-width: 689.98px) {[data-id='22f2864d'] {--grid-columns-width:1;}}<\/style><\/div>\n\n\n\n<h2 class=\"wp-block-heading\">So kannst du mitmachen<\/h2>\n\n\n\n<p class=\"wp-block-paragraph\">Um in der Politik etwas zu ver\u00e4ndern, m\u00fcssen sich endlich mehr Menschen politisch engagieren. Neue Ideen brauchen viele starke Stimmen, die sie weiterentwickeln, bekannt machen und in der politischen Debatte verteidigen. Deshalb sind wir darauf angewiesen, dass Menschen wie du Mitglied unserer Partei werden. <\/p>\n\n\n\n<p class=\"wp-block-paragraph\">Eine Parteimitgliedschaft ist nicht nur die beste M\u00f6glichkeit, etwas an der Politik in Aachen und Deutschland zu ver\u00e4ndern, sondern ist auch f\u00fcr dich eine Gelegenheit, deine F\u00e4higkeiten auszubauen und neue Menschen kennenzulernen. Als Mitglied kannst du zum Beispiel:<\/p>\n\n\n\n<ul class=\"wp-block-list\">\n<li>Zu allen unseren Veranstaltungen kommen und deine <strong>Meinung einbringen<\/strong><\/li>\n\n\n\n<li>Unser <strong>Programm <\/strong>mitschreiben<\/li>\n\n\n\n<li>Gemeinsam mit uns Antr\u00e4ge und Kampagnen voranbringen, um <strong>Aachen zu ver\u00e4ndern<\/strong><\/li>\n\n\n\n<li>Selbst zu Wahlen <strong>kandidieren<\/strong><\/li>\n\n\n\n<li>Jede Menge <strong>neue Dinge lernen,<\/strong> zum Beispiel wie gute Social Media Arbeit funktioniert<\/li>\n\n\n\n<li>Von anderen Mitgliedern mehr \u00fcber ihre Spezialthemen lernen &amp; ihnen etwas \u00fcber deine beibringen<\/li>\n<\/ul>\n\n\n\n<div class=\"wp-block-buttons is-layout-flex wp-block-buttons-is-layout-flex\">\n<div class=\"wp-block-button\"><a class=\"wp-block-button__link wp-element-button\" href=\"https:\/\/on.campflow.de\/liberale-demokraten\/mitgliedsantrag\">Jetzt Mitglied werden!<\/a><\/div>\n<\/div>\n\n\n\n<p class=\"wp-block-paragraph\"><strong>\u00dcbrigens:<\/strong> Wenn du dir noch nicht ganz sicher bist, ob du bereit f\u00fcr eine Mitgliedschaft bist, kannst du dich auch erst einmal einfach <a href=\"https:\/\/mitmachen.liberale-demokraten.de\/unterstuetzer\/\">als Unterst\u00fctzerin oder Unterst\u00fctzer bei uns registrieren<\/a>. Dann halten wir dich \u00fcber alles, was bei uns passiert, auf dem Laufenden und du hast bereits die M\u00f6glichkeit, zu Events zu kommen und bei uns mitzuarbeiten.<\/p>\n\n\n\n<p class=\"wp-block-paragraph\"><\/p>\n","protected":false},"excerpt":{"rendered":"<p>Liberale Demokraten Aachen Aachen ist besonders. Grenzstadt, Kaiserstadt, Studierendenstadt. So eine Stadt muss auch politisch eigene Wege gehen. Wir Liberale Demokraten wollen, dass aus den Ideen, an denen an RWTH und FH Aachen geforscht wird, wirtschaftliche St\u00e4rke und neue Jobs f\u00fcr die ganze Region werden. Wir glauben daran, dass Aachen zum besten Ort f\u00fcr neue [&hellip;]<\/p>\n","protected":false},"author":1,"featured_media":2686,"parent":0,"menu_order":0,"comment_status":"closed","ping_status":"closed","template":"","meta":{"_acf_changed":false,"footnotes":""},"class_list":["post-2685","page","type-page","status-publish","has-post-thumbnail","hentry"],"blocksy_meta":{"disable_featured_image":"yes","disable_header":"no","styles_descriptor":{"styles":{"desktop":"","tablet":"","mobile":""},"google_fonts":[],"version":7},"has_hero_section":"disabled","hero_section":"type-2","hero_elements":[{"id":"custom_title","enabled":true,"heading_tag":"h1","title":"Homepage","__id":"Oe8OqflaqxdLu5X_Nqlbn"},{"id":"custom_description","enabled":false,"description_visibility":{"desktop":true,"tablet":true,"mobile":false},"__id":"5q38BbX9IB2ARUi1lizGG"},{"id":"custom_meta","enabled":false,"meta_elements":[{"id":"author","enabled":true,"label":"Von","has_author_avatar":"yes","avatar_size":25},{"id":"post_date","enabled":true,"label":"Am","date_format_source":"default","date_format":"M j, Y"},{"id":"updated_date","enabled":false,"label":"Am","date_format_source":"default","date_format":"M j, Y"},{"id":"categories","enabled":false,"label":"In","style":"simple"},{"id":"comments","enabled":true}],"page_meta_elements":{"joined":true,"articles_count":true,"comments":true},"__id":"qaNYQZLiAl0AZXwYXxaNq"},{"id":"breadcrumbs","enabled":false,"__id":"Rrewl7dAENkFcO6-GvhAn"},{"id":"content-block","enabled":false,"__id":"pCXbPQdipy5-BYBzs4_Iw"}]},"acf":[],"yoast_head":"<!-- This site is optimized with the Yoast SEO plugin v28.3 - https:\/\/yoast.com\/product\/yoast-seo-wordpress\/ -->\n<title>Sozialliberale Politik Aachen | LD Aachen<\/title>\n<meta name=\"description\" content=\"Sozialliberale Politik in Aachen: Regiotram, Housing First, bezahlbares Wohnen. Jetzt Mitglied werden &amp; Aachen mitgestalten!\" \/>\n<meta name=\"robots\" content=\"index, follow, max-snippet:-1, max-image-preview:large, max-video-preview:-1\" \/>\n<link rel=\"canonical\" href=\"https:\/\/ld-nrw.de\/en\/aachen\/\" \/>\n<meta property=\"og:locale\" content=\"en_GB\" \/>\n<meta property=\"og:type\" content=\"article\" \/>\n<meta property=\"og:title\" content=\"Sozialliberale Politik Aachen | LD Aachen\" \/>\n<meta property=\"og:description\" content=\"Sozialliberale Politik in Aachen: Regiotram, Housing First, bezahlbares Wohnen. Jetzt Mitglied werden &amp; Aachen mitgestalten!\" \/>\n<meta property=\"og:url\" content=\"https:\/\/ld-nrw.de\/en\/aachen\/\" \/>\n<meta property=\"og:site_name\" content=\"Liberale Demokraten NRW\" \/>\n<meta property=\"article:publisher\" content=\"https:\/\/www.facebook.com\/ldnrw\" \/>\n<meta property=\"article:modified_time\" content=\"2026-08-21T15:08:45+00:00\" \/>\n<meta property=\"og:image\" content=\"https:\/\/ld-nrw.de\/wp-content\/uploads\/2024\/06\/adnan-hajvazovic-S9TZwIeFI4s-unsplash-scaled.jpg\" \/>\n\t<meta property=\"og:image:width\" content=\"2560\" \/>\n\t<meta property=\"og:image:height\" content=\"2227\" \/>\n\t<meta property=\"og:image:type\" content=\"image\/jpeg\" \/>\n<meta name=\"twitter:card\" content=\"summary_large_image\" \/>\n<meta name=\"twitter:site\" content=\"@ld_nrw\" \/>\n<meta name=\"twitter:label1\" content=\"Estimated reading time\" \/>\n\t<meta name=\"twitter:data1\" content=\"4 minutes\" \/>\n<script type=\"application\/ld+json\" class=\"yoast-schema-graph\">{\"@context\":\"https:\\\/\\\/schema.org\",\"@graph\":[{\"@type\":\"WebPage\",\"@id\":\"https:\\\/\\\/ld-nrw.de\\\/aachen\\\/\",\"url\":\"https:\\\/\\\/ld-nrw.de\\\/aachen\\\/\",\"name\":\"Sozialliberale Politik Aachen | LD Aachen\",\"isPartOf\":{\"@id\":\"https:\\\/\\\/ld-nrw.de\\\/#website\"},\"primaryImageOfPage\":{\"@id\":\"https:\\\/\\\/ld-nrw.de\\\/aachen\\\/#primaryimage\"},\"image\":{\"@id\":\"https:\\\/\\\/ld-nrw.de\\\/aachen\\\/#primaryimage\"},\"thumbnailUrl\":\"https:\\\/\\\/ld-nrw.de\\\/wp-content\\\/uploads\\\/2024\\\/06\\\/adnan-hajvazovic-S9TZwIeFI4s-unsplash-scaled.jpg\",\"datePublished\":\"2024-06-28T09:58:16+00:00\",\"dateModified\":\"2026-08-21T15:08:45+00:00\",\"description\":\"Sozialliberale Politik in Aachen: Regiotram, Housing First, bezahlbares Wohnen. Jetzt Mitglied werden & Aachen mitgestalten!\",\"breadcrumb\":{\"@id\":\"https:\\\/\\\/ld-nrw.de\\\/aachen\\\/#breadcrumb\"},\"inLanguage\":\"en-GB\",\"potentialAction\":[{\"@type\":\"ReadAction\",\"target\":[\"https:\\\/\\\/ld-nrw.de\\\/aachen\\\/\"]}]},{\"@type\":\"ImageObject\",\"inLanguage\":\"en-GB\",\"@id\":\"https:\\\/\\\/ld-nrw.de\\\/aachen\\\/#primaryimage\",\"url\":\"https:\\\/\\\/ld-nrw.de\\\/wp-content\\\/uploads\\\/2024\\\/06\\\/adnan-hajvazovic-S9TZwIeFI4s-unsplash-scaled.jpg\",\"contentUrl\":\"https:\\\/\\\/ld-nrw.de\\\/wp-content\\\/uploads\\\/2024\\\/06\\\/adnan-hajvazovic-S9TZwIeFI4s-unsplash-scaled.jpg\",\"width\":2560,\"height\":2227},{\"@type\":\"BreadcrumbList\",\"@id\":\"https:\\\/\\\/ld-nrw.de\\\/aachen\\\/#breadcrumb\",\"itemListElement\":[{\"@type\":\"ListItem\",\"position\":1,\"name\":\"Startseite\",\"item\":\"https:\\\/\\\/ld-nrw.de\\\/\"},{\"@type\":\"ListItem\",\"position\":2,\"name\":\"Aachen\"}]},{\"@type\":\"WebSite\",\"@id\":\"https:\\\/\\\/ld-nrw.de\\\/#website\",\"url\":\"https:\\\/\\\/ld-nrw.de\\\/\",\"name\":\"Liberale Demokraten NRW\",\"description\":\"\",\"publisher\":{\"@id\":\"https:\\\/\\\/ld-nrw.de\\\/#organization\"},\"potentialAction\":[{\"@type\":\"SearchAction\",\"target\":{\"@type\":\"EntryPoint\",\"urlTemplate\":\"https:\\\/\\\/ld-nrw.de\\\/?s={search_term_string}\"},\"query-input\":{\"@type\":\"PropertyValueSpecification\",\"valueRequired\":true,\"valueName\":\"search_term_string\"}}],\"inLanguage\":\"en-GB\"},{\"@type\":\"Organization\",\"@id\":\"https:\\\/\\\/ld-nrw.de\\\/#organization\",\"name\":\"Liberale Demokraten NRW\",\"url\":\"https:\\\/\\\/ld-nrw.de\\\/\",\"logo\":{\"@type\":\"ImageObject\",\"inLanguage\":\"en-GB\",\"@id\":\"https:\\\/\\\/ld-nrw.de\\\/#\\\/schema\\\/logo\\\/image\\\/\",\"url\":\"https:\\\/\\\/ld-nrw.de\\\/wp-content\\\/uploads\\\/2023\\\/07\\\/ld_nrw.svg\",\"contentUrl\":\"https:\\\/\\\/ld-nrw.de\\\/wp-content\\\/uploads\\\/2023\\\/07\\\/ld_nrw.svg\",\"width\":1595,\"height\":776,\"caption\":\"Liberale Demokraten NRW\"},\"image\":{\"@id\":\"https:\\\/\\\/ld-nrw.de\\\/#\\\/schema\\\/logo\\\/image\\\/\"},\"sameAs\":[\"https:\\\/\\\/www.facebook.com\\\/ldnrw\",\"https:\\\/\\\/x.com\\\/ld_nrw\",\"https:\\\/\\\/www.instagram.com\\\/ld_nrw\\\/\"]}]}<\/script>\n<!-- \/ Yoast SEO plugin. -->","yoast_head_json":{"title":"Sozialliberale Politik Aachen | LD Aachen","description":"Sozialliberale Politik in Aachen: Regiotram, Housing First, bezahlbares Wohnen. Jetzt Mitglied werden & Aachen mitgestalten!","robots":{"index":"index","follow":"follow","max-snippet":"max-snippet:-1","max-image-preview":"max-image-preview:large","max-video-preview":"max-video-preview:-1"},"canonical":"https:\/\/ld-nrw.de\/en\/aachen\/","og_locale":"en_GB","og_type":"article","og_title":"Sozialliberale Politik Aachen | LD Aachen","og_description":"Sozialliberale Politik in Aachen: Regiotram, Housing First, bezahlbares Wohnen. Jetzt Mitglied werden & Aachen mitgestalten!","og_url":"https:\/\/ld-nrw.de\/en\/aachen\/","og_site_name":"Liberale Demokraten NRW","article_publisher":"https:\/\/www.facebook.com\/ldnrw","article_modified_time":"2026-08-21T15:08:45+00:00","og_image":[{"width":2560,"height":2227,"url":"https:\/\/ld-nrw.de\/wp-content\/uploads\/2024\/06\/adnan-hajvazovic-S9TZwIeFI4s-unsplash-scaled.jpg","type":"image\/jpeg"}],"twitter_card":"summary_large_image","twitter_site":"@ld_nrw","twitter_misc":{"Estimated reading time":"4 minutes"},"schema":{"@context":"https:\/\/schema.org","@graph":[{"@type":"WebPage","@id":"https:\/\/ld-nrw.de\/aachen\/","url":"https:\/\/ld-nrw.de\/aachen\/","name":"Sozialliberale Politik Aachen | LD Aachen","isPartOf":{"@id":"https:\/\/ld-nrw.de\/#website"},"primaryImageOfPage":{"@id":"https:\/\/ld-nrw.de\/aachen\/#primaryimage"},"image":{"@id":"https:\/\/ld-nrw.de\/aachen\/#primaryimage"},"thumbnailUrl":"https:\/\/ld-nrw.de\/wp-content\/uploads\/2024\/06\/adnan-hajvazovic-S9TZwIeFI4s-unsplash-scaled.jpg","datePublished":"2024-06-28T09:58:16+00:00","dateModified":"2026-08-21T15:08:45+00:00","description":"Sozialliberale Politik in Aachen: Regiotram, Housing First, bezahlbares Wohnen. Jetzt Mitglied werden & Aachen mitgestalten!","breadcrumb":{"@id":"https:\/\/ld-nrw.de\/aachen\/#breadcrumb"},"inLanguage":"en-GB","potentialAction":[{"@type":"ReadAction","target":["https:\/\/ld-nrw.de\/aachen\/"]}]},{"@type":"ImageObject","inLanguage":"en-GB","@id":"https:\/\/ld-nrw.de\/aachen\/#primaryimage","url":"https:\/\/ld-nrw.de\/wp-content\/uploads\/2024\/06\/adnan-hajvazovic-S9TZwIeFI4s-unsplash-scaled.jpg","contentUrl":"https:\/\/ld-nrw.de\/wp-content\/uploads\/2024\/06\/adnan-hajvazovic-S9TZwIeFI4s-unsplash-scaled.jpg","width":2560,"height":2227},{"@type":"BreadcrumbList","@id":"https:\/\/ld-nrw.de\/aachen\/#breadcrumb","itemListElement":[{"@type":"ListItem","position":1,"name":"Startseite","item":"https:\/\/ld-nrw.de\/"},{"@type":"ListItem","position":2,"name":"Aachen"}]},{"@type":"WebSite","@id":"https:\/\/ld-nrw.de\/#website","url":"https:\/\/ld-nrw.de\/","name":"Liberale Demokraten NRW","description":"","publisher":{"@id":"https:\/\/ld-nrw.de\/#organization"},"potentialAction":[{"@type":"SearchAction","target":{"@type":"EntryPoint","urlTemplate":"https:\/\/ld-nrw.de\/?s={search_term_string}"},"query-input":{"@type":"PropertyValueSpecification","valueRequired":true,"valueName":"search_term_string"}}],"inLanguage":"en-GB"},{"@type":"Organization","@id":"https:\/\/ld-nrw.de\/#organization","name":"Liberale Demokraten NRW","url":"https:\/\/ld-nrw.de\/","logo":{"@type":"ImageObject","inLanguage":"en-GB","@id":"https:\/\/ld-nrw.de\/#\/schema\/logo\/image\/","url":"https:\/\/ld-nrw.de\/wp-content\/uploads\/2023\/07\/ld_nrw.svg","contentUrl":"https:\/\/ld-nrw.de\/wp-content\/uploads\/2023\/07\/ld_nrw.svg","width":1595,"height":776,"caption":"Liberale Demokraten NRW"},"image":{"@id":"https:\/\/ld-nrw.de\/#\/schema\/logo\/image\/"},"sameAs":["https:\/\/www.facebook.com\/ldnrw","https:\/\/x.com\/ld_nrw","https:\/\/www.instagram.com\/ld_nrw\/"]}]}},"_links":{"self":[{"href":"https:\/\/ld-nrw.de\/en\/wp-json\/wp\/v2\/pages\/2685","targetHints":{"allow":["GET"]}}],"collection":[{"href":"https:\/\/ld-nrw.de\/en\/wp-json\/wp\/v2\/pages"}],"about":[{"href":"https:\/\/ld-nrw.de\/en\/wp-json\/wp\/v2\/types\/page"}],"author":[{"embeddable":true,"href":"https:\/\/ld-nrw.de\/en\/wp-json\/wp\/v2\/users\/1"}],"replies":[{"embeddable":true,"href":"https:\/\/ld-nrw.de\/en\/wp-json\/wp\/v2\/comments?post=2685"}],"version-history":[{"count":40,"href":"https:\/\/ld-nrw.de\/en\/wp-json\/wp\/v2\/pages\/2685\/revisions"}],"predecessor-version":[{"id":3446,"href":"https:\/\/ld-nrw.de\/en\/wp-json\/wp\/v2\/pages\/2685\/revisions\/3446"}],"wp:featuredmedia":[{"embeddable":true,"href":"https:\/\/ld-nrw.de\/en\/wp-json\/wp\/v2\/media\/2686"}],"wp:attachment":[{"href":"https:\/\/ld-nrw.de\/en\/wp-json\/wp\/v2\/media?parent=2685"}],"curies":[{"name":"wp","href":"https:\/\/api.w.org\/{rel}","templated":true}]}}