{"id":2257,"date":"2023-11-18T19:21:13","date_gmt":"2023-11-18T18:21:13","guid":{"rendered":"https:\/\/ld-nrw.de\/?page_id=2257"},"modified":"2026-04-01T13:42:10","modified_gmt":"2026-04-01T11:42:10","slug":"mitmachen","status":"publish","type":"page","link":"https:\/\/ld-nrw.de\/en\/mitmachen\/","title":{"rendered":"Get involved"},"content":{"rendered":"<div class=\"wp-block-columns is-layout-flex wp-container-core-columns-is-layout-28f84493 wp-block-columns-is-layout-flex\">\n<div class=\"wp-block-column corners10 topindent has-border-color has-palette-color-5-border-color is-layout-flow wp-container-core-column-is-layout-d7291a74 wp-block-column-is-layout-flow\" style=\"border-width:4px;padding-top:30px;padding-right:30px;padding-bottom:30px;padding-left:30px\">\n<h2 class=\"wp-block-heading has-palette-color-2-color has-text-color has-link-color wp-elements-7bb4ce1923eda8f0e6a11cf10de85fb1\">Register as a supporter<\/h2>\n\n\n\n<p>As a supporter, you are the first to find out what is happening at Liberale Demokraten and can get involved almost anywhere without paying a membership fee.<\/p>\n\n\n\n<p><\/p>\n\n\n\n<p><strong>As a supporter you can:<\/strong><\/p>\n\n\n\n<ul class=\"wp-block-list\">\n<li>Be asked about new party positions<\/li>\n\n\n\n<li>Participate in events<\/li>\n\n\n\n<li>Support us in election campaigns<\/li>\n<\/ul>\n\n\n\n<div style=\"height:30px\" aria-hidden=\"true\" class=\"wp-block-spacer\"><\/div>\n\n\n\n<div class=\"wp-block-group is-layout-constrained wp-block-group-is-layout-constrained\">\n<div class=\"wp-block-buttons is-content-justification-center is-layout-flex wp-container-core-buttons-is-layout-a89b3969 wp-block-buttons-is-layout-flex\">\n<div class=\"wp-block-button\"><a class=\"wp-block-button__link wp-element-button\" href=\"https:\/\/mitmachen.liberale-demokraten.de\/unterstuetzer\/\" target=\"_blank\" rel=\"noreferrer noopener\">Register now<\/a><\/div>\n<\/div>\n<\/div>\n<\/div>\n\n\n\n<div class=\"wp-block-column corners10 has-border-color has-palette-color-2-border-color has-palette-color-8-background-color has-background is-layout-flow wp-container-core-column-is-layout-d7291a74 wp-block-column-is-layout-flow\" style=\"border-width:4px;padding-top:30px;padding-right:30px;padding-bottom:30px;padding-left:30px\">\n<h2 class=\"wp-block-heading has-palette-color-2-color has-text-color has-link-color wp-elements-175c0053234c2d0eed24048e09f838e3\">Become a member<\/h2>\n\n\n\n<p>Als Mitglied stehst du ab 8 \u20ac pro Monat (reduziert 2,50 \u20ac) bei allen politischen Entscheidungen der Liberalen Demokraten im Mittelpunkt: Auf deine Stimme kommt es an.<\/p>\n\n\n\n<p><\/p>\n\n\n\n<p><strong>As a member you can:<\/strong><\/p>\n\n\n\n<ul class=\"wp-block-list\">\n<li>Unsere Parteipositionen mitbestimmen<\/li>\n\n\n\n<li>Select our candidates<\/li>\n\n\n\n<li>Vote or stand in board elections<\/li>\n\n\n\n<li>Become a candidate in elections yourself<\/li>\n<\/ul>\n\n\n\n<div style=\"height:30px\" aria-hidden=\"true\" class=\"wp-block-spacer\"><\/div>\n\n\n\n<div class=\"wp-block-buttons is-content-justification-center is-layout-flex wp-container-core-buttons-is-layout-a89b3969 wp-block-buttons-is-layout-flex\">\n<div class=\"wp-block-button\"><a class=\"wp-block-button__link wp-element-button\" href=\"https:\/\/on.campflow.de\/liberale-demokraten\/mitgliedsantrag\" target=\"_blank\" rel=\"noreferrer noopener\">Join now<\/a><\/div>\n<\/div>\n<\/div>\n\n\n\n<div class=\"wp-block-column corners10 topindent has-border-color has-palette-color-5-border-color is-layout-flow wp-container-core-column-is-layout-d7291a74 wp-block-column-is-layout-flow\" style=\"border-width:4px;padding-top:30px;padding-right:30px;padding-bottom:30px;padding-left:30px\">\n<h2 class=\"wp-block-heading has-palette-color-2-color has-text-color has-link-color wp-elements-851e0ef5ea0b3db66cd3297f6b08d3c6\">Become a sponsor<\/h2>\n\n\n\n<p>As a sponsor, you support us with a regular financial contribution without becoming a member \u2014 for example, if you don't currently have time to get actively involved.&nbsp;<\/p>\n\n\n\n<p><\/p>\n\n\n\n<p><strong>As a sponsor you can:<\/strong><\/p>\n\n\n\n<ul class=\"wp-block-list\">\n<li>Participate in events<\/li>\n\n\n\n<li>Enable the continued political work of the Liberal Democrats with your financial contribution<\/li>\n<\/ul>\n\n\n\n<div style=\"height:30px\" aria-hidden=\"true\" class=\"wp-block-spacer\"><\/div>\n\n\n\n<div class=\"wp-block-buttons is-content-justification-center is-layout-flex wp-container-core-buttons-is-layout-a89b3969 wp-block-buttons-is-layout-flex\">\n<div class=\"wp-block-button\"><a class=\"wp-block-button__link wp-element-button\" href=\"https:\/\/mitmachen.liberale-demokraten.de\/foerdermitglied\/\" target=\"_blank\" rel=\"noreferrer noopener\">Register now<\/a><\/div>\n<\/div>\n<\/div>\n<\/div>\n\n\n\n<div style=\"height:100px\" aria-hidden=\"true\" class=\"wp-block-spacer\"><\/div>\n\n\n\n<h2 class=\"wp-block-heading has-text-align-center\">Die Zeit der kleinen Ideen ist vorbei!<\/h2>\n\n\n\n<p class=\"has-text-align-center\">Unsere derzeitige Politik ist den Herausforderungen unserer Zeit nicht gewachsen. Deshalb wagen wir Liberale Demokraten den Versuch, es besser zu machen. Mit klarer Haltung und Transparenz machen wir uns stark f\u00fcr grundlegende Reformen dort, wo die Menschen sie am meisten brauchen.<\/p>\n\n\n\n<div class=\"wp-block-columns is-layout-flex wp-container-core-columns-is-layout-2dbed131 wp-block-columns-is-layout-flex\" style=\"padding-top:3em\">\n<div class=\"wp-block-column is-layout-flow wp-block-column-is-layout-flow\" style=\"flex-basis:33.33%\">\n<figure class=\"wp-block-image size-large has-custom-border corners10\"><img loading=\"lazy\" decoding=\"async\" width=\"1024\" height=\"683\" src=\"https:\/\/ld-nrw.de\/wp-content\/uploads\/2024\/03\/juan-manuel-aguilar-PTX4bef8bnQ-unsplash-scaled-1-1024x683.webp\" alt=\"\" class=\"wp-image-2566\" style=\"border-radius:5px\" srcset=\"https:\/\/ld-nrw.de\/wp-content\/uploads\/2024\/03\/juan-manuel-aguilar-PTX4bef8bnQ-unsplash-scaled-1-1024x683.webp 1024w, https:\/\/ld-nrw.de\/wp-content\/uploads\/2024\/03\/juan-manuel-aguilar-PTX4bef8bnQ-unsplash-scaled-1-300x200.webp 300w, https:\/\/ld-nrw.de\/wp-content\/uploads\/2024\/03\/juan-manuel-aguilar-PTX4bef8bnQ-unsplash-scaled-1-768x512.webp 768w, https:\/\/ld-nrw.de\/wp-content\/uploads\/2024\/03\/juan-manuel-aguilar-PTX4bef8bnQ-unsplash-scaled-1-18x12.webp 18w, https:\/\/ld-nrw.de\/wp-content\/uploads\/2024\/03\/juan-manuel-aguilar-PTX4bef8bnQ-unsplash-scaled-1.webp 1200w\" sizes=\"auto, (max-width: 1024px) 100vw, 1024px\" \/><\/figure>\n<\/div>\n\n\n\n<div class=\"wp-block-column is-vertically-aligned-center is-layout-flow wp-block-column-is-layout-flow\" style=\"flex-basis:66.66%\">\n<h3 class=\"wp-block-heading\">Die Freiheit, die wir meinen.<\/h3>\n\n\n\n<p>Liberalismus wird in Deutschland von vielen seit Jahrzehnten nur noch als Ideologie des Egoismus wahrgenommen. Wir glauben, dass das nicht so bleiben darf.<\/p>\n\n\n\n<p>Die Freiheit des Einzelnen ist unser zentraler Wert und die Ma\u00dfgabe f\u00fcr unsere Politik. Aber wir sind \u00fcberzeugt, dass man Freiheit nicht nur erlauben, sondern auch erm\u00f6glichen muss. Wahre Freiheit setzt die Befreiung aus Armut und Unterdr\u00fcckung voraus und schlie\u00dft die dauerhaft gegebene M\u00f6glichkeit gesellschaftlicher Teilhabe sowie von der Herkunft unabh\u00e4ngige, realistische und faire Chancen zur individuellen Selbstverwirklichung ein.<\/p>\n<\/div>\n<\/div>\n\n\n\n<div class=\"wp-block-columns is-layout-flex wp-container-core-columns-is-layout-69f9ac95 wp-block-columns-is-layout-flex\" style=\"margin-top:3em;padding-bottom:3em\">\n<div class=\"wp-block-column is-layout-flow wp-block-column-is-layout-flow\" style=\"flex-basis:33.33%\">\n<figure class=\"wp-block-image size-full has-custom-border corners10 is-style-default\"><img loading=\"lazy\" decoding=\"async\" width=\"1000\" height=\"667\" src=\"https:\/\/ld-nrw.de\/wp-content\/uploads\/2024\/03\/jose-maria-sava-BsKqOYVwtnY-unsplash.webp\" alt=\"\" class=\"wp-image-2568\" style=\"border-radius:5px\" srcset=\"https:\/\/ld-nrw.de\/wp-content\/uploads\/2024\/03\/jose-maria-sava-BsKqOYVwtnY-unsplash.webp 1000w, https:\/\/ld-nrw.de\/wp-content\/uploads\/2024\/03\/jose-maria-sava-BsKqOYVwtnY-unsplash-300x200.webp 300w, https:\/\/ld-nrw.de\/wp-content\/uploads\/2024\/03\/jose-maria-sava-BsKqOYVwtnY-unsplash-768x512.webp 768w, https:\/\/ld-nrw.de\/wp-content\/uploads\/2024\/03\/jose-maria-sava-BsKqOYVwtnY-unsplash-18x12.webp 18w\" sizes=\"auto, (max-width: 1000px) 100vw, 1000px\" \/><\/figure>\n<\/div>\n\n\n\n<div class=\"wp-block-column is-vertically-aligned-center is-layout-flow wp-block-column-is-layout-flow\" style=\"flex-basis:66.66%\">\n<h3 class=\"wp-block-heading\">Du hast es in der Hand.<\/h3>\n\n\n\n<p>Ganzheitlich liberale Politik ist kein Selbstl\u00e4ufer. Sie besteht aus schwierigen Abw\u00e4gungen und muss gut erkl\u00e4rt werden. Das geht nicht ohne die Mithilfe von Menschen aus der ganzen Breite der Gesellschaft. Deine Lebensrealit\u00e4t ist das Wichtigste, das du in unsere Partei mitbringen kannst.<\/p>\n\n\n\n<p>Auch wenn wir noch am Anfang stehen: Gemeinsam sind wir sichtbar, gemeinsam k\u00e4mpfen wir gegen Politikverdrossenheit, gemeinsam k\u00f6nnen wir etwas ver\u00e4ndern.<\/p>\n<\/div>\n<\/div>\n\n\n\n<h3 class=\"wp-block-heading has-text-align-center\">Gemeinsam gestalten wir den Wandel \u2013 werde heute Mitglied.<\/h3>\n\n\n\n<div class=\"wp-block-buttons is-content-justification-center is-layout-flex wp-container-core-buttons-is-layout-a89b3969 wp-block-buttons-is-layout-flex\">\n<div class=\"wp-block-button\"><a class=\"wp-block-button__link wp-element-button\" href=\"https:\/\/my.campflow.de\/lists\/lst_0Yzgy5Tx8gA7jzZ5yZxB\" target=\"_blank\" rel=\"noreferrer noopener\">Ich bin dabei!<\/a><\/div>\n<\/div>\n\n\n\n<div style=\"height:50px\" aria-hidden=\"true\" class=\"wp-block-spacer\"><\/div>\n\n\n\n<h2 class=\"wp-block-heading has-text-align-center\">Hilfreiche Unterlagen<\/h2>\n\n\n\n<div class=\"wp-block-columns is-layout-flex wp-container-core-columns-is-layout-28f84493 wp-block-columns-is-layout-flex\">\n<div class=\"wp-block-column is-layout-flow wp-block-column-is-layout-flow\">\n<div class=\"wp-block-buttons is-horizontal is-content-justification-center is-nowrap is-layout-flex wp-container-core-buttons-is-layout-01e1d51f wp-block-buttons-is-layout-flex\">\n<div class=\"wp-block-button\"><a class=\"wp-block-button__link wp-element-button\" href=\"https:\/\/cloud.liberale-demokraten.de\/s\/agFmDTA6jntkLd6\" target=\"_blank\" rel=\"noreferrer noopener\">Mitgliedsantrag (PDF)<\/a><\/div>\n\n\n\n<div class=\"wp-block-button\"><a class=\"wp-block-button__link wp-element-button\" href=\"https:\/\/cloud.liberale-demokraten.de\/s\/oSCkTycfXYZFtyd\" target=\"_blank\" rel=\"noreferrer noopener\">SEPA-Mandat (PDF)<\/a><\/div>\n\n\n\n<div class=\"wp-block-button is-style-fill\"><a class=\"wp-block-button__link wp-element-button\" href=\"https:\/\/liberale-demokraten.de\/unvereinbarkeit\/\" target=\"_blank\" rel=\"noreferrer noopener\">Unvereinbarkeitsliste<\/a><\/div>\n<\/div>\n<\/div>\n<\/div>\n\n\n\n<div style=\"height:50px\" aria-hidden=\"true\" class=\"wp-block-spacer\"><\/div>\n\n\n\n<h2 class=\"wp-block-heading\">FAQ \u2013 H\u00e4ufige Fragen zur Mitgliedschaft<\/h2>\n\n\n\n<details class=\"wp-block-details ld-details is-layout-flow wp-container-core-details-is-layout-8a368f38 wp-block-details-is-layout-flow\"><summary>Wie alt muss ich sein, um Mitglied werden zu k\u00f6nnen?<br><\/summary>\n<p>Du kannst ab Vierzehn bei uns mitmachen. Wenn du minderj\u00e4hrig bist, ben\u00f6tigen wir allerdings eine schriftliche Einverst\u00e4ndniserkl\u00e4rung deiner Eltern, bevor wir dich aufnehmen k\u00f6nnen. <\/p>\n<\/details>\n\n\n\n<details class=\"wp-block-details ld-details is-layout-flow wp-container-core-details-is-layout-8a368f38 wp-block-details-is-layout-flow\"><summary>Wie hoch ist der Mitgliedsbeitrag?<br><\/summary>\n<p>Unsere Mitgliedsbeitr\u00e4ge richten sich nach dem Einkommen. Du solltest in etwa 1 % deines monatlichen Einkommens als Monatsbeitrag w\u00e4hlen. Der Mindestbeitrag betr\u00e4gt acht Euro pro Monat.<\/p>\n<\/details>\n\n\n\n<details class=\"wp-block-details ld-details is-layout-flow wp-container-core-details-is-layout-8a368f38 wp-block-details-is-layout-flow\"><summary>Was, wenn ich mir den Beitrag nicht leisten kann?<br><\/summary>\n<p>F\u00fcr Menschen mit geringem Einkommen bieten wir einen reduzierten Mitgliedsbeitrag von 2 Euro an. Wenn du dich pers\u00f6nlich bei uns meldest, k\u00f6nnen wir deinen Beitrag sogar auf bis zu 0 Euro absenken, damit wirklich alle die Chance haben, an unserer Demokratie teilzuhaben.<\/p>\n<\/details>\n\n\n\n<details class=\"wp-block-details ld-details is-layout-flow wp-container-core-details-is-layout-8a368f38 wp-block-details-is-layout-flow\"><summary>Was geschieht mit meinem Geld?<br><\/summary>\n<p>Mitgliedsbeitr\u00e4ge werden nach unserer Bundesbeitragsordnung wie folgt verteilt:<\/p>\n\n\n\n<figure class=\"wp-block-table\"><table><tbody><tr><td>Bundesverband<\/td><td>40 %<\/td><\/tr><tr><td>Landesverband<\/td><td>25 %<\/td><\/tr><tr><td>Kreisverband<\/td><td>15 %<\/td><\/tr><tr><td>Ortsverband<\/td><td>20 %<\/td><\/tr><\/tbody><\/table><\/figure>\n\n\n\n<p>Existiert eine dieser Gliederungen bisher nicht, wird der Betrag der n\u00e4chsth\u00f6heren Gliederung angerechnet.<\/p>\n\n\n\n<p>In den Gliederungen wird mit den Beitr\u00e4gen die gesamte politische Arbeit finanziert: Veranstaltungen, Werbematerialien, Personalkosten.<\/p>\n<\/details>\n\n\n\n<details class=\"wp-block-details ld-details is-layout-flow wp-container-core-details-is-layout-8a368f38 wp-block-details-is-layout-flow\"><summary>Ist die gleichzeitige Mitgliedschaft in einer anderen Partei m\u00f6glich?<br><\/summary>\n<p>Ja, wir erlauben Mehrfachmitgliedschaften nach einer Pr\u00fcfung im Einzelfall. Du solltest allerdings pr\u00fcfen, ob die anderen Parteien das ebenso handhaben. Das ist leider selten der Fall.<\/p>\n<\/details>\n\n\n\n<details class=\"wp-block-details ld-details is-layout-flow wp-container-core-details-is-layout-8a368f38 wp-block-details-is-layout-flow\"><summary>Muss ich die deutsche Staatsb\u00fcrgerschaft haben oder in Deutschland leben, um Mitglied werden zu d\u00fcrfen?<br><\/summary>\n<p>Nein, du bist in jedem Fall herzlich willkommen.<\/p>\n<\/details>\n\n\n\n<details class=\"wp-block-details ld-details is-layout-flow wp-container-core-details-is-layout-8a368f38 wp-block-details-is-layout-flow\"><summary>Wie kann ich mich bei den LD einbringen?<br><\/summary>\n<p>Es gibt verschiedene M\u00f6glichkeiten: Wenn es bei Ihnen vor Ort bereits aktive Mitglieder gibt, kannst du dich selbstverst\u00e4ndlich mit diesen zusammentun. Auch die Gr\u00fcndung von neuen Orts-, Kreis- und Landesverb\u00e4nden ist m\u00f6glich.<\/p>\n\n\n\n<p>Ansonsten bietet sich stets die M\u00f6glichkeit zu Diskussion und Mitarbeit auf unseren Parteitagen und \u00fcber unsere Onlinekan\u00e4le. Deine Meinung wird immer gefragt sein!<\/p>\n<\/details>\n\n\n\n<details class=\"wp-block-details ld-details is-layout-flow wp-container-core-details-is-layout-8a368f38 wp-block-details-is-layout-flow\"><summary>Wer kann auf Parteitagen abstimmen?<br><\/summary>\n<p>Jedes anwesende Vollmitglied! Wir praktizieren seit jeher eine pateiinterne Basisdemokratie.<\/p>\n\n\n\n<p><\/p>\n<\/details>\n\n\n\n<details class=\"wp-block-details ld-details is-layout-flow wp-container-core-details-is-layout-8a368f38 wp-block-details-is-layout-flow\"><summary>Wof\u00fcr stehen die LD?<br><\/summary>\n<p>Die Liberalen Demokraten stehen f\u00fcr Freiheit, Gerechtigkeit und Fortschritt. Genaueres erf\u00e4hrst du in unserem <a href=\"https:\/\/liberale-demokraten.de\/positionen\/\">new policy<\/a>.<\/p>\n<\/details>\n\n\n\n<details class=\"wp-block-details ld-details is-layout-flow wp-container-core-details-is-layout-8a368f38 wp-block-details-is-layout-flow\"><summary>Was, wenn ich mich umentscheide?<br><\/summary>\n<p>Du kannst deine Mitgliedschaft jederzeit durch eine simple E-Mail an den zust\u00e4ndigen Verband beenden.<\/p>\n<\/details>","protected":false},"excerpt":{"rendered":"<p>Melde dich als Unterst\u00fctzer_in an Als Unterst\u00fctzer_in erf\u00e4hrst du als Erstes, was bei den Liberalen Demokraten gerade passiert und kannst ohne Mitgliedsbeitrag fast \u00fcberall mit anpacken. Als Unterst\u00fctzer_in kannst du: Werde Mitglied Als Mitglied stehst du ab 8 \u20ac pro Monat (reduziert 2,50 \u20ac) bei allen politischen Entscheidungen der Liberalen Demokraten im Mittelpunkt: Auf deine [&hellip;]<\/p>\n","protected":false},"author":1,"featured_media":0,"parent":0,"menu_order":0,"comment_status":"closed","ping_status":"closed","template":"","meta":{"_acf_changed":false,"footnotes":""},"class_list":["post-2257","page","type-page","status-publish","hentry"],"blocksy_meta":[],"acf":[],"yoast_head":"<!-- This site is optimized with the Yoast SEO plugin v27.4 - https:\/\/yoast.com\/product\/yoast-seo-wordpress\/ -->\n<title>Mitmachen - Liberale Demokraten NRW<\/title>\n<meta name=\"description\" content=\"Gib NRW eine sozialliberale Alternative - Werde jetzt Mitglied der Liberalen Demokraten in NRW und gestalte dein Land mit!\" \/>\n<meta name=\"robots\" content=\"index, follow, max-snippet:-1, max-image-preview:large, max-video-preview:-1\" \/>\n<link rel=\"canonical\" href=\"https:\/\/ld-nrw.de\/en\/mitmachen\/\" \/>\n<meta property=\"og:locale\" content=\"en_GB\" \/>\n<meta property=\"og:type\" content=\"article\" \/>\n<meta property=\"og:title\" content=\"Mitmachen - Liberale Demokraten NRW\" \/>\n<meta property=\"og:description\" content=\"Gib NRW eine sozialliberale Alternative - Werde jetzt Mitglied der Liberalen Demokraten in NRW und gestalte dein Land mit!\" \/>\n<meta property=\"og:url\" content=\"https:\/\/ld-nrw.de\/en\/mitmachen\/\" \/>\n<meta property=\"og:site_name\" content=\"Liberale Demokraten NRW\" \/>\n<meta property=\"article:publisher\" content=\"https:\/\/www.facebook.com\/ldnrw\" \/>\n<meta property=\"article:modified_time\" content=\"2026-04-01T11:42:10+00:00\" \/>\n<meta property=\"og:image\" content=\"https:\/\/ld-nrw.de\/wp-content\/uploads\/2024\/03\/juan-manuel-aguilar-PTX4bef8bnQ-unsplash-scaled-1.webp\" \/>\n\t<meta property=\"og:image:width\" content=\"1200\" \/>\n\t<meta property=\"og:image:height\" content=\"800\" \/>\n\t<meta property=\"og:image:type\" content=\"image\/webp\" \/>\n<meta name=\"twitter:card\" content=\"summary_large_image\" \/>\n<meta name=\"twitter:site\" content=\"@ld_nrw\" \/>\n<meta name=\"twitter:label1\" content=\"Estimated reading time\" \/>\n\t<meta name=\"twitter:data1\" content=\"1 minute\" \/>\n<script type=\"application\/ld+json\" class=\"yoast-schema-graph\">{\"@context\":\"https:\\\/\\\/schema.org\",\"@graph\":[{\"@type\":\"WebPage\",\"@id\":\"https:\\\/\\\/ld-nrw.de\\\/mitmachen\\\/\",\"url\":\"https:\\\/\\\/ld-nrw.de\\\/mitmachen\\\/\",\"name\":\"Mitmachen - Liberale Demokraten NRW\",\"isPartOf\":{\"@id\":\"https:\\\/\\\/ld-nrw.de\\\/#website\"},\"primaryImageOfPage\":{\"@id\":\"https:\\\/\\\/ld-nrw.de\\\/mitmachen\\\/#primaryimage\"},\"image\":{\"@id\":\"https:\\\/\\\/ld-nrw.de\\\/mitmachen\\\/#primaryimage\"},\"thumbnailUrl\":\"https:\\\/\\\/ld-nrw.de\\\/wp-content\\\/uploads\\\/2024\\\/03\\\/juan-manuel-aguilar-PTX4bef8bnQ-unsplash-scaled-1-1024x683.webp\",\"datePublished\":\"2023-11-18T18:21:13+00:00\",\"dateModified\":\"2026-04-01T11:42:10+00:00\",\"description\":\"Gib NRW eine sozialliberale Alternative - Werde jetzt Mitglied der Liberalen Demokraten in NRW und gestalte dein Land mit!\",\"breadcrumb\":{\"@id\":\"https:\\\/\\\/ld-nrw.de\\\/mitmachen\\\/#breadcrumb\"},\"inLanguage\":\"en-GB\",\"potentialAction\":[{\"@type\":\"ReadAction\",\"target\":[\"https:\\\/\\\/ld-nrw.de\\\/mitmachen\\\/\"]}]},{\"@type\":\"ImageObject\",\"inLanguage\":\"en-GB\",\"@id\":\"https:\\\/\\\/ld-nrw.de\\\/mitmachen\\\/#primaryimage\",\"url\":\"https:\\\/\\\/ld-nrw.de\\\/wp-content\\\/uploads\\\/2024\\\/03\\\/juan-manuel-aguilar-PTX4bef8bnQ-unsplash-scaled-1-1024x683.webp\",\"contentUrl\":\"https:\\\/\\\/ld-nrw.de\\\/wp-content\\\/uploads\\\/2024\\\/03\\\/juan-manuel-aguilar-PTX4bef8bnQ-unsplash-scaled-1-1024x683.webp\"},{\"@type\":\"BreadcrumbList\",\"@id\":\"https:\\\/\\\/ld-nrw.de\\\/mitmachen\\\/#breadcrumb\",\"itemListElement\":[{\"@type\":\"ListItem\",\"position\":1,\"name\":\"Startseite\",\"item\":\"https:\\\/\\\/ld-nrw.de\\\/\"},{\"@type\":\"ListItem\",\"position\":2,\"name\":\"Mitmachen\"}]},{\"@type\":\"WebSite\",\"@id\":\"https:\\\/\\\/ld-nrw.de\\\/#website\",\"url\":\"https:\\\/\\\/ld-nrw.de\\\/\",\"name\":\"Liberale Demokraten NRW\",\"description\":\"\",\"publisher\":{\"@id\":\"https:\\\/\\\/ld-nrw.de\\\/#organization\"},\"potentialAction\":[{\"@type\":\"SearchAction\",\"target\":{\"@type\":\"EntryPoint\",\"urlTemplate\":\"https:\\\/\\\/ld-nrw.de\\\/?s={search_term_string}\"},\"query-input\":{\"@type\":\"PropertyValueSpecification\",\"valueRequired\":true,\"valueName\":\"search_term_string\"}}],\"inLanguage\":\"en-GB\"},{\"@type\":\"Organization\",\"@id\":\"https:\\\/\\\/ld-nrw.de\\\/#organization\",\"name\":\"Liberale Demokraten NRW\",\"url\":\"https:\\\/\\\/ld-nrw.de\\\/\",\"logo\":{\"@type\":\"ImageObject\",\"inLanguage\":\"en-GB\",\"@id\":\"https:\\\/\\\/ld-nrw.de\\\/#\\\/schema\\\/logo\\\/image\\\/\",\"url\":\"https:\\\/\\\/ld-nrw.de\\\/wp-content\\\/uploads\\\/2023\\\/07\\\/ld_nrw.svg\",\"contentUrl\":\"https:\\\/\\\/ld-nrw.de\\\/wp-content\\\/uploads\\\/2023\\\/07\\\/ld_nrw.svg\",\"width\":1595,\"height\":776,\"caption\":\"Liberale Demokraten NRW\"},\"image\":{\"@id\":\"https:\\\/\\\/ld-nrw.de\\\/#\\\/schema\\\/logo\\\/image\\\/\"},\"sameAs\":[\"https:\\\/\\\/www.facebook.com\\\/ldnrw\",\"https:\\\/\\\/x.com\\\/ld_nrw\",\"https:\\\/\\\/www.instagram.com\\\/ld_nrw\\\/\"]}]}<\/script>\n<!-- \/ Yoast SEO plugin. -->","yoast_head_json":{"title":"Mitmachen - Liberale Demokraten NRW","description":"Gib NRW eine sozialliberale Alternative - Werde jetzt Mitglied der Liberalen Demokraten in NRW und gestalte dein Land mit!","robots":{"index":"index","follow":"follow","max-snippet":"max-snippet:-1","max-image-preview":"max-image-preview:large","max-video-preview":"max-video-preview:-1"},"canonical":"https:\/\/ld-nrw.de\/en\/mitmachen\/","og_locale":"en_GB","og_type":"article","og_title":"Mitmachen - Liberale Demokraten NRW","og_description":"Gib NRW eine sozialliberale Alternative - Werde jetzt Mitglied der Liberalen Demokraten in NRW und gestalte dein Land mit!","og_url":"https:\/\/ld-nrw.de\/en\/mitmachen\/","og_site_name":"Liberale Demokraten NRW","article_publisher":"https:\/\/www.facebook.com\/ldnrw","article_modified_time":"2026-04-01T11:42:10+00:00","og_image":[{"width":1200,"height":800,"url":"https:\/\/ld-nrw.de\/wp-content\/uploads\/2024\/03\/juan-manuel-aguilar-PTX4bef8bnQ-unsplash-scaled-1.webp","type":"image\/webp"}],"twitter_card":"summary_large_image","twitter_site":"@ld_nrw","twitter_misc":{"Estimated reading time":"1 minute"},"schema":{"@context":"https:\/\/schema.org","@graph":[{"@type":"WebPage","@id":"https:\/\/ld-nrw.de\/mitmachen\/","url":"https:\/\/ld-nrw.de\/mitmachen\/","name":"Mitmachen - Liberale Demokraten NRW","isPartOf":{"@id":"https:\/\/ld-nrw.de\/#website"},"primaryImageOfPage":{"@id":"https:\/\/ld-nrw.de\/mitmachen\/#primaryimage"},"image":{"@id":"https:\/\/ld-nrw.de\/mitmachen\/#primaryimage"},"thumbnailUrl":"https:\/\/ld-nrw.de\/wp-content\/uploads\/2024\/03\/juan-manuel-aguilar-PTX4bef8bnQ-unsplash-scaled-1-1024x683.webp","datePublished":"2023-11-18T18:21:13+00:00","dateModified":"2026-04-01T11:42:10+00:00","description":"Gib NRW eine sozialliberale Alternative - Werde jetzt Mitglied der Liberalen Demokraten in NRW und gestalte dein Land mit!","breadcrumb":{"@id":"https:\/\/ld-nrw.de\/mitmachen\/#breadcrumb"},"inLanguage":"en-GB","potentialAction":[{"@type":"ReadAction","target":["https:\/\/ld-nrw.de\/mitmachen\/"]}]},{"@type":"ImageObject","inLanguage":"en-GB","@id":"https:\/\/ld-nrw.de\/mitmachen\/#primaryimage","url":"https:\/\/ld-nrw.de\/wp-content\/uploads\/2024\/03\/juan-manuel-aguilar-PTX4bef8bnQ-unsplash-scaled-1-1024x683.webp","contentUrl":"https:\/\/ld-nrw.de\/wp-content\/uploads\/2024\/03\/juan-manuel-aguilar-PTX4bef8bnQ-unsplash-scaled-1-1024x683.webp"},{"@type":"BreadcrumbList","@id":"https:\/\/ld-nrw.de\/mitmachen\/#breadcrumb","itemListElement":[{"@type":"ListItem","position":1,"name":"Startseite","item":"https:\/\/ld-nrw.de\/"},{"@type":"ListItem","position":2,"name":"Mitmachen"}]},{"@type":"WebSite","@id":"https:\/\/ld-nrw.de\/#website","url":"https:\/\/ld-nrw.de\/","name":"Liberale Demokraten NRW","description":"","publisher":{"@id":"https:\/\/ld-nrw.de\/#organization"},"potentialAction":[{"@type":"SearchAction","target":{"@type":"EntryPoint","urlTemplate":"https:\/\/ld-nrw.de\/?s={search_term_string}"},"query-input":{"@type":"PropertyValueSpecification","valueRequired":true,"valueName":"search_term_string"}}],"inLanguage":"en-GB"},{"@type":"Organization","@id":"https:\/\/ld-nrw.de\/#organization","name":"Liberale Demokraten NRW","url":"https:\/\/ld-nrw.de\/","logo":{"@type":"ImageObject","inLanguage":"en-GB","@id":"https:\/\/ld-nrw.de\/#\/schema\/logo\/image\/","url":"https:\/\/ld-nrw.de\/wp-content\/uploads\/2023\/07\/ld_nrw.svg","contentUrl":"https:\/\/ld-nrw.de\/wp-content\/uploads\/2023\/07\/ld_nrw.svg","width":1595,"height":776,"caption":"Liberale Demokraten NRW"},"image":{"@id":"https:\/\/ld-nrw.de\/#\/schema\/logo\/image\/"},"sameAs":["https:\/\/www.facebook.com\/ldnrw","https:\/\/x.com\/ld_nrw","https:\/\/www.instagram.com\/ld_nrw\/"]}]}},"_links":{"self":[{"href":"https:\/\/ld-nrw.de\/en\/wp-json\/wp\/v2\/pages\/2257","targetHints":{"allow":["GET"]}}],"collection":[{"href":"https:\/\/ld-nrw.de\/en\/wp-json\/wp\/v2\/pages"}],"about":[{"href":"https:\/\/ld-nrw.de\/en\/wp-json\/wp\/v2\/types\/page"}],"author":[{"embeddable":true,"href":"https:\/\/ld-nrw.de\/en\/wp-json\/wp\/v2\/users\/1"}],"replies":[{"embeddable":true,"href":"https:\/\/ld-nrw.de\/en\/wp-json\/wp\/v2\/comments?post=2257"}],"version-history":[{"count":48,"href":"https:\/\/ld-nrw.de\/en\/wp-json\/wp\/v2\/pages\/2257\/revisions"}],"predecessor-version":[{"id":3086,"href":"https:\/\/ld-nrw.de\/en\/wp-json\/wp\/v2\/pages\/2257\/revisions\/3086"}],"wp:attachment":[{"href":"https:\/\/ld-nrw.de\/en\/wp-json\/wp\/v2\/media?parent=2257"}],"curies":[{"name":"wp","href":"https:\/\/api.w.org\/{rel}","templated":true}]}}